{"id":1381,"date":"2019-07-17T16:53:49","date_gmt":"2019-07-17T16:53:49","guid":{"rendered":"https:\/\/zveganhair.com\/?page_id=1381"},"modified":"2020-11-25T14:14:56","modified_gmt":"2020-11-25T14:14:56","slug":"termos-de-uso-de-privacidade","status":"publish","type":"page","link":"https:\/\/zveganhair.com\/pt\/termos-de-uso-de-privacidade","title":{"rendered":"Termos de Uso e Pol\u00edtica de privacidade"},"content":{"rendered":"\n<p>Estamos muito satisfeitos por ter demonstrado interesse na nossa empresa. A prote\u00e7\u00e3o de dados \u00e9 uma prioridade particularmente alta para gest\u00e3o da Z Vegan Hair Concept. O uso das p\u00e1ginas da Z Vegan Hair Concept \u00e9 poss\u00edvel sem qualquer indica\u00e7\u00e3o de dados pessoais; no entanto, se um titular de dados quiser usar servi\u00e7os empresariais especiais atrav\u00e9s do nosso site, o processamento de dados pessoais poder\u00e1 ser necess\u00e1rio. Se o processamento de dados pessoais for necess\u00e1rio e n\u00e3o houver base legal para tal processamento, geralmente obtemos o consentimento do titular dos dados.<\/p>\n\n\n\n<p>O processamento de dados pessoais, como o nome, morada, endere\u00e7o de e-mail ou n\u00famero de telefone de um titular de dados, deve estar sempre em conformidade com o Regulamento Geral de Prote\u00e7\u00e3o de Dados (GDPR) e de acordo com a prote\u00e7\u00e3o de dados espec\u00edficos do pa\u00eds. regulamentos aplic\u00e1veis \u00e0 Z Vegan Hair Concept. Por meio desta declara\u00e7\u00e3o de prote\u00e7\u00e3o de dados, a Z Vegan Hair Concept gostaria de informar ao p\u00fablico em geral a natureza, o escopo e a finalidade dos dados pessoais que coletamos, usamos e processamos. Al\u00e9m disso, os titulares dos dados s\u00e3o informados, atrav\u00e9s desta declara\u00e7\u00e3o de prote\u00e7\u00e3o de dados, dos direitos a que t\u00eam direito.<\/p>\n\n\n\n<p>Como controlador, o Z Vegan Hair Concept implementou in\u00fameras medidas t\u00e9cnicas e organizacionais para garantir a prote\u00e7\u00e3o mais completa dos dados pessoais processados atrav\u00e9s deste site. No entanto, as transmiss\u00f5es de dados baseadas na Internet podem, em princ\u00edpio, ter lacunas de seguran\u00e7a, portanto, a prote\u00e7\u00e3o absoluta pode n\u00e3o ser garantida. Por este motivo, todos os titulares de dados t\u00eam liberdade para transferir dados pessoais para n\u00f3s atrav\u00e9s de meios alternativos, por ex. pelo telefone.<\/p>\n\n\n\n<p>Defini\u00e7\u00f5es<\/p>\n\n\n\n<p>A declara\u00e7\u00e3o de prote\u00e7\u00e3o de dados da Z Vegan Hair Concept baseia-se nos termos usados pelo legislador europeu para a ado\u00e7\u00e3o do Regulamento Geral de Prote\u00e7\u00e3o de Dados (GDPR). Nossa declara\u00e7\u00e3o de prote\u00e7\u00e3o de dados deve ser leg\u00edvel e compreens\u00edvel para o p\u00fablico em geral, bem como para nossos clientes e parceiros de neg\u00f3cios. Para garantir isso, gostar\u00edamos de primeiro explicar a terminologia usada.<\/p>\n\n\n\n<p>Nesta declara\u00e7\u00e3o de prote\u00e7\u00e3o de dados, utilizamos, inter alia, os seguintes termos:<\/p>\n\n\n\n<p>a) Dados pessoais<\/p>\n\n\n\n<p>Dados pessoais significa qualquer informa\u00e7\u00e3o relativa a uma pessoa singular identificada ou identific\u00e1vel (&#8220;titular de dados&#8221;). Uma pessoa singular identific\u00e1vel \u00e9 aquela que pode ser identificada, directa ou indirectamente, em particular por refer\u00eancia a um identificador como um nome, um n\u00famero de identifica\u00e7\u00e3o, dados de localiza\u00e7\u00e3o, um identificador on-line ou a um ou mais factores espec\u00edficos da fisiologia, fisiologia e identidade gen\u00e9tica, mental, econ\u00f4mica, cultural ou social dessa pessoa natural.<\/p>\n\n\n\n<p>b) Assunto dos dados<\/p>\n\n\n\n<p>Entende-se por pessoa f\u00edsica identificada ou identific\u00e1vel, cujos dados pessoais s\u00e3o processados pelo respons\u00e1vel pelo processamento.<\/p>\n\n\n\n<p>c) Processamento<\/p>\n\n\n\n<p>Processamento \u00e9 qualquer opera\u00e7\u00e3o ou conjunto de opera\u00e7\u00f5es que s\u00e3o realizadas em dados pessoais ou em conjuntos de dados pessoais, seja ou n\u00e3o por meios automatizados, tais como coleta, registro, organiza\u00e7\u00e3o, estrutura\u00e7\u00e3o, armazenamento, adapta\u00e7\u00e3o ou altera\u00e7\u00e3o, recupera\u00e7\u00e3o, consulta, uso, divulga\u00e7\u00e3o por transmiss\u00e3o, divulga\u00e7\u00e3o ou disponibiliza\u00e7\u00e3o de qualquer outra forma, alinhamento ou combina\u00e7\u00e3o, restri\u00e7\u00e3o, apagamento ou destrui\u00e7\u00e3o.<\/p>\n\n\n\n<p>d) Restri\u00e7\u00e3o de processamento<\/p>\n\n\n\n<p>Restri\u00e7\u00e3o de processamento \u00e9 a marca\u00e7\u00e3o de dados pessoais armazenados com o objetivo de limitar seu processamento no futuro.<\/p>\n\n\n\n<p>e) Profiling<\/p>\n\n\n\n<p>Defini\u00e7\u00e3o de perfis significa qualquer forma de processamento automatizado de dados pessoais que consiste na utiliza\u00e7\u00e3o de dados pessoais para avaliar determinados aspectos pessoais relacionados com uma pessoa singular, em particular para analisar ou prever aspectos relativos ao desempenho dessa pessoa no trabalho, situa\u00e7\u00e3o econ\u00f3mica, sa\u00fade, prefer\u00eancias pessoais , interesses, confiabilidade, comportamento, localiza\u00e7\u00e3o ou movimentos.<\/p>\n\n\n\n<p>f) pseudonimiza\u00e7\u00e3o<\/p>\n\n\n\n<p>A pseudonimiza\u00e7\u00e3o \u00e9 o processamento de dados pessoais de tal maneira que os dados pessoais n\u00e3o podem mais ser atribu\u00eddos a um indiv\u00edduo de dados espec\u00edfico sem o uso de informa\u00e7\u00f5es adicionais, desde que essas informa\u00e7\u00f5es adicionais sejam mantidas separadamente e estejam sujeitas a medidas t\u00e9cnicas e organizacionais para garantir que os dados pessoais n\u00e3o s\u00e3o atribu\u00eddos a uma pessoa singular identificada ou identific\u00e1vel.<\/p>\n\n\n\n<p>g) Controlador ou controlador respons\u00e1vel pelo processamento<\/p>\n\n\n\n<p>Controlador ou respons\u00e1vel pelo processamento \u00e9 a pessoa f\u00edsica ou jur\u00eddica, autoridade p\u00fablica, ag\u00eancia ou outro organismo que, sozinho ou em conjunto com os outros, determina os fins e meios do tratamento de dados pessoais; Se os fins e os meios desse tratamento forem determinados pela legisla\u00e7\u00e3o da Uni\u00e3o ou do Estado-Membro, o respons\u00e1vel pelo tratamento ou os crit\u00e9rios espec\u00edficos para a sua nomea\u00e7\u00e3o podem ser estabelecidos pelo direito da Uni\u00e3o ou do Estado-Membro.<\/p>\n\n\n\n<p>h) Processador<\/p>\n\n\n\n<p>Processador \u00e9 uma pessoa singular ou colectiva, autoridade p\u00fablica, ag\u00eancia ou outro organismo que processa dados pessoais em nome do respons\u00e1vel pelo tratamento.<\/p>\n\n\n\n<p>i) Recipiente<\/p>\n\n\n\n<p>O destinat\u00e1rio \u00e9 uma pessoa singular ou colectiva, autoridade p\u00fablica, ag\u00eancia ou outro organismo, para o qual os dados pessoais s\u00e3o divulgados, sejam terceiros ou n\u00e3o. No entanto, as autoridades p\u00fablicas que possam receber dados pessoais no \u00e2mbito de um inqu\u00e9rito espec\u00edfico em conformidade com a legisla\u00e7\u00e3o da Uni\u00e3o ou do Estado-Membro n\u00e3o s\u00e3o consideradas destinat\u00e1rios; O tratamento desses dados por essas autoridades p\u00fablicas deve estar em conformidade com as regras de prote\u00e7\u00e3o de dados aplic\u00e1veis, de acordo com os objetivos do tratamento.<\/p>\n\n\n\n<p>J) terceiros<\/p>\n\n\n\n<p>O terceiro \u00e9 uma pessoa singular ou colectiva, autoridade p\u00fablica, ag\u00eancia ou organismo que n\u00e3o seja o titular dos dados, o respons\u00e1vel pelo tratamento, o processador e as pessoas que, sob a autoridade directa do respons\u00e1vel pelo tratamento ou processador, est\u00e3o autorizados a processar dados pessoais.<\/p>\n\n\n\n<p>K) Consentimento<\/p>\n\n\n\n<p>Consentimento do titular dos dados \u00e9 qualquer indica\u00e7\u00e3o dada livremente, espec\u00edfica, informada e inequ\u00edvoca do desejo do titular dos dados pela qual ele ou ela, por uma declara\u00e7\u00e3o ou por uma a\u00e7\u00e3o afirmativa clara, significa acordo para o tratamento de dados pessoais relativos a ele ou ela .<\/p>\n\n\n\n<p>Nome e endere\u00e7o do controlador<\/p>\n\n\n\n<p>Controlador para efeitos do Regulamento Geral de Prote\u00e7\u00e3o de Dados (GDPR), outras leis de prote\u00e7\u00e3o de dados aplic\u00e1veis nos Estados-Membros da Uni\u00e3o Europeia e outras disposi\u00e7\u00f5es relacionadas com a prote\u00e7\u00e3o de dados \u00e9:<\/p>\n\n\n\n<p>Z Vegan Hair Concept<\/p>\n\n\n\n<p>Praceta Torres do Restelo, 7<\/p>\n\n\n\n<p>Lisboa, Restelo 1400-401 Portugal<\/p>\n\n\n\n<p>Telefone:&nbsp;<\/p>\n\n\n\n<p>Email: contato@zveganhair.com<\/p>\n\n\n\n<p>Website:&nbsp;<\/p>\n\n\n\n<p>Cookies<\/p>\n\n\n\n<p>As p\u00e1ginas da Z Vegan Hair Concept usam cookies. Cookies s\u00e3o arquivos de texto que s\u00e3o armazenados em um sistema de computador atrav\u00e9s de um navegador da Internet.<\/p>\n\n\n\n<p>Muitos sites e servidores da Internet usam cookies. Muitos cookies cont\u00eam um chamado ID de cookie. Um ID de cookie \u00e9 um identificador exclusivo do cookie. Ele consiste em uma cadeia de caracteres atrav\u00e9s da qual as p\u00e1ginas e os servidores da Internet podem ser atribu\u00eddos ao navegador de Internet espec\u00edfico no qual o cookie foi armazenado. Isso permite que sites e servidores da Internet visitados diferenciem o navegador individual do assunto dats de outros navegadores da Internet que contenham outros cookies. Um navegador da Internet espec\u00edfico pode ser reconhecido e identificado usando o ID exclusivo do cookie.<\/p>\n\n\n\n<p>Atrav\u00e9s do uso de cookies, a Z Vegan Hair Concept pode fornecer aos usu\u00e1rios deste site mais servi\u00e7os amig\u00e1veis que n\u00e3o seriam poss\u00edveis sem a configura\u00e7\u00e3o do cookie.<\/p>\n\n\n\n<p>Por meio de um cookie, as informa\u00e7\u00f5es e ofertas no nosso site podem ser otimizadas com o usu\u00e1rio em mente. Os cookies permitem, como mencionado anteriormente, reconhecer os usu\u00e1rios do nosso site. O objetivo desse reconhecimento \u00e9 facilitar aos usu\u00e1rios a utiliza\u00e7\u00e3o do nosso site. O usu\u00e1rio do site que usa cookies, por exemplo n\u00e3o precisa inserir os dados de acesso sempre que o site for acessado, porque isso \u00e9 assumido pelo site, e o cookie \u00e9, portanto, armazenado no sistema de computador do usu\u00e1rio. Outro exemplo \u00e9 o cookie de um carrinho de compras em uma loja online. A loja on-line lembra os artigos que um cliente colocou no carrinho de compras virtual por meio de um cookie.<\/p>\n\n\n\n<p>O titular dos dados pode, a qualquer momento, impedir a configura\u00e7\u00e3o de cookies atrav\u00e9s do nosso site por meio de uma configura\u00e7\u00e3o correspondente do navegador da Internet utilizado, podendo, assim, negar permanentemente a configura\u00e7\u00e3o de cookies. Al\u00e9m disso, os cookies j\u00e1 definidos podem ser exclu\u00eddos a qualquer momento atrav\u00e9s de um navegador da Internet ou de outros programas de software. Isso \u00e9 poss\u00edvel em todos os navegadores de Internet populares. Se o titular dos dados desativar a configura\u00e7\u00e3o de cookies no navegador da Internet utilizado, nem todas as fun\u00e7\u00f5es do nosso site poder\u00e3o ser totalmente utiliz\u00e1veis.<\/p>\n\n\n\n<p>Recolha de dados e informa\u00e7\u00f5es gerais<\/p>\n\n\n\n<p>O site da Z Vegan Hair Concept coleta uma s\u00e9rie de dados e informa\u00e7\u00f5es gerais quando um sujeito de dados ou sistema automatizado acessa o site. Esses dados e informa\u00e7\u00f5es gerais s\u00e3o armazenados nos arquivos de log do servidor. Coletadas podem ser (1) os tipos de navegadores e vers\u00f5es utilizadas, (2) o sistema operativo utilizado pelo sistema de acesso, (3) o site a partir do qual um sistema de acesso chega ao nosso site (os chamados referenciadores), (4) o sub -sites, (5) data e hora de acesso ao site da Internet, (6) endere\u00e7o de Internet (endere\u00e7o IP), (7) provedor de acesso \u00e0 Internet do sistema de acesso e (8) quaisquer outros dados e informa\u00e7\u00f5es que podem ser usadas em caso de ataques aos nossos sistemas de tecnologia da informa\u00e7\u00e3o.<\/p>\n\n\n\n<p>Ao usar esses dados e informa\u00e7\u00f5es gerais, a Z Vegan Hair Concept n\u00e3o tira nenhuma conclus\u00e3o sobre o assunto dos dados. Pelo contr\u00e1rio, esta informa\u00e7\u00e3o \u00e9 necess\u00e1ria para (1) entregar o conte\u00fado do nosso site corretamente, (2) otimizar o conte\u00fado do nosso site, bem como a sua publicidade, (3) garantir a viabilidade a longo prazo dos nossos sistemas de tecnologia da informa\u00e7\u00e3o e tecnologia do site e (4) fornecer \u00e0s autoridades policiais as informa\u00e7\u00f5es necess\u00e1rias para o processo criminal em caso de um ciberataque. Portanto, a Z Vegan Hair Concept analisa dados e informa\u00e7\u00f5es coletados anonimamente estatisticamente, com o objetivo de aumentar a prote\u00e7\u00e3o de dados e seguran\u00e7a de dados da empresa, e garantir um n\u00edvel \u00f3timo de prote\u00e7\u00e3o.<\/p>\n\n\n\n<p>Assinatura de newsletters<\/p>\n\n\n\n<p>No site da Z Vegan Hair Concept, os usu\u00e1rios t\u00eam a oportunidade de assinar o boletim informativo da empresa. A m\u00e1scara de entrada usada para essa finalidade determina quais dados pessoais s\u00e3o transmitidos, bem como quando o boletim informativo \u00e9 pedido ao controlador.<\/p>\n\n\n\n<p>A Z Vegan Hair Concept informa seus clientes e parceiros de neg\u00f3cios regularmente por meio de um boletim informativo sobre ofertas corporativas. A newsletter da empresa s\u00f3 pode ser recebida pelo titular dos dados se (1) o titular dos dados tiver um endere\u00e7o de e-mail v\u00e1lido e (2) o registado do titular de dados para a remessa de newsletters. Um e-mail de confirma\u00e7\u00e3o ser\u00e1 enviado para o endere\u00e7o de e-mail registrado por um sujeito de dados pela primeira vez para o envio de boletins informativos, por motivos legais, no procedimento double-opt-in. Este e-mail de confirma\u00e7\u00e3o \u00e9 usado para comprovar se o propriet\u00e1rio do endere\u00e7o de e-mail est\u00e1 autorizado a receber a newsletter.<\/p>\n\n\n\n<p>Durante o registro para o boletim informativo, tamb\u00e9m armazenamos o endere\u00e7o IP do sistema de computador atribu\u00eddo pelo provedor de servi\u00e7os de Internet (ISP) e usado pelo titular dos dados no momento do registro, bem como a data e a hora do registro. A recolha destes dados \u00e9 necess\u00e1ria para compreender o (poss\u00edvel) uso indevido do endere\u00e7o de e-mail de uma pessoa em causa numa data posterior e, por conseguinte, serve o objetivo da prote\u00e7\u00e3o legal do respons\u00e1vel pelo tratamento.<\/p>\n\n\n\n<p>Os dados pessoais coletados como parte de um registro para o boletim informativo ser\u00e3o usados apenas para enviar nosso boletim informativo. Al\u00e9m disso, os assinantes da newsletter podem ser informados por e-mail, desde que isso seja necess\u00e1rio para o funcionamento do servi\u00e7o de newsletter ou de um registro em quest\u00e3o, como poderia ser o caso em caso de modifica\u00e7\u00f5es na oferta de newsletter, ou no caso de uma mudan\u00e7a nas circunst\u00e2ncias t\u00e9cnicas. N\u00e3o haver\u00e1 transfer\u00eancia de dados pessoais coletados pelo servi\u00e7o de newsletter para terceiros. A subscri\u00e7\u00e3o da nossa newsletter pode ser terminada pelo titular dos dados a qualquer momento. O consentimento para o armazenamento de dados pessoais, que o titular dos dados forneceu para enviar a newsletter, pode ser revogado a qualquer momento. Para fins de revoga\u00e7\u00e3o do consentimento, um link correspondente \u00e9 encontrado em cada newsletter. Tamb\u00e9m \u00e9 poss\u00edvel cancelar a assinatura do boletim informativo a qualquer momento diretamente no site do controlador ou comunic\u00e1-lo ao controlador de maneira diferente.<\/p>\n\n\n\n<p>Newsletter-Tracking<\/p>\n\n\n\n<p>A newsletter do Z Vegan Hair Concept cont\u00e9m os chamados pixels de rastreamento. Um pixel de rastreamento \u00e9 um gr\u00e1fico em miniatura incorporado em tais e-mails, que s\u00e3o enviados em formato HTML para permitir a grava\u00e7\u00e3o e an\u00e1lise de arquivos de log. Isso permite uma an\u00e1lise estat\u00edstica do sucesso ou fracasso das campanhas de marketing on-line. Com base no pixel de rastreamento incorporado, o Z Vegan Hair Concept pode ver se e quando um e-mail foi aberto por um sujeito de dados e quais links no e-mail foram chamados pelos titulares de dados.<\/p>\n\n\n\n<p>Esses dados pessoais coletados nos pixels de rastreamento contidos nos boletins s\u00e3o armazenados e analisados pelo controlador, a fim de otimizar o envio do boletim informativo, bem como adaptar ainda mais o conte\u00fado de futuros boletins aos interesses do titular dos dados. Esses dados pessoais n\u00e3o ser\u00e3o repassados a terceiros. Os titulares dos dados podem, a qualquer momento, revogar a respectiva declara\u00e7\u00e3o de consentimento, emitida por meio do procedimento de &#8220;double-opt-in&#8221;. Ap\u00f3s uma revoga\u00e7\u00e3o, esses dados pessoais ser\u00e3o exclu\u00eddos pelo controlador. O Z Vegan Hair Concept automaticamente considera uma retirada do recebimento da newsletter como uma revoga\u00e7\u00e3o.<\/p>\n\n\n\n<p>Entre em contacto atrav\u00e9s do site<\/p>\n\n\n\n<p>O site do Z Vegan Hair Concept cont\u00e9m informa\u00e7\u00f5es que permitem um r\u00e1pido contato eletr\u00f4nico connosco, bem como comunica\u00e7\u00e3o direta conosco, que tamb\u00e9m inclui um endere\u00e7o geral do chamado correio eletr\u00f4nico (endere\u00e7o de e-mail). Se um titular de dados entrar em contato com o controlador por e-mail ou por meio de um formul\u00e1rio de contato, os dados pessoais transmitidos pela pessoa em quest\u00e3o ser\u00e3o armazenados automaticamente. Esses dados pessoais transmitidos voluntariamente por um titular de dados ao controlador de dados s\u00e3o armazenados com o objetivo de processar ou contatar o titular dos dados. N\u00e3o h\u00e1 transfer\u00eancia desses dados pessoais para terceiros.<\/p>\n\n\n\n<p>8. Coment\u00e1rios funcionam no blog do site<\/p>\n\n\n\n<p>A Z Vegan Hair Concept oferece aos usu\u00e1rios a possibilidade de deixar coment\u00e1rios individuais sobre as contribui\u00e7\u00f5es individuais do blog em um blog, que est\u00e1 no site do controlador. Um blog \u00e9 um portal baseado na Web, acess\u00edvel ao p\u00fablico, atrav\u00e9s do qual uma ou mais pessoas chamadas bloggers podem postar artigos ou escrever pensamentos nos chamados blogposts. Blogposts geralmente podem ser comentados por terceiros.<\/p>\n\n\n\n<p>Se um titular de dados deixar um coment\u00e1rio no blog publicado neste site, os coment\u00e1rios feitos pelo titular dos dados tamb\u00e9m s\u00e3o armazenados e publicados, bem como informa\u00e7\u00f5es sobre a data do coment\u00e1rio e sobre o usu\u00e1rio (pseud\u00f4nimo) escolhido pelo titular dos dados. . Esse armazenamento do endere\u00e7o IP ocorre por motivos de seguran\u00e7a e no caso de o titular dos dados violar os direitos de terceiros ou publicar conte\u00fado ilegal por meio de um determinado coment\u00e1rio. O armazenamento destes dados pessoais \u00e9, portanto, do interesse pr\u00f3prio do respons\u00e1vel pelo tratamento de dados, de modo que ele possa justific\u00e1-lo no caso de uma infra\u00e7\u00e3o. Esses dados pessoais coletados n\u00e3o ser\u00e3o repassados a terceiros, a menos que tal transfer\u00eancia seja exigida por lei ou atenda ao objetivo da defesa do controlador de dados.<\/p>\n\n\n\n<p>9. Assinatura de coment\u00e1rios no blog no site<\/p>\n\n\n\n<p>Os coment\u00e1rios feitos no blog da Z Vegan Hair Concept podem ser subscritos por terceiros. Em particular, existe a possibilidade de que um comentarista assine os coment\u00e1rios ap\u00f3s comentar em um post espec\u00edfico do blog.<\/p>\n\n\n\n<p>Se o titular dos dados decidir subscrever a op\u00e7\u00e3o, o respons\u00e1vel pelo tratamento enviar\u00e1 um e-mail de confirma\u00e7\u00e3o autom\u00e1tica para verificar o procedimento de aceita\u00e7\u00e3o dupla quanto ao facto de o propriet\u00e1rio do endere\u00e7o de e-mail especificado decidir a favor desta op\u00e7\u00e3o. A op\u00e7\u00e3o de assinar coment\u00e1rios pode ser encerrada a qualquer momento.<\/p>\n\n\n\n<p>10. Elimina\u00e7\u00e3o e bloqueio de rotina de dados pessoais<\/p>\n\n\n\n<p>O respons\u00e1vel pelo tratamento de dados processar\u00e1 e armazenar\u00e1 os dados pessoais da pessoa em causa apenas durante o per\u00edodo necess\u00e1rio para atingir a finalidade de armazenamento, ou, na medida em que tal seja concedido pelo legislador europeu ou outros legisladores em leis ou regulamentos aos quais o controlador est\u00e1 sujeito para.<\/p>\n\n\n\n<p>Se o objectivo de armazenamento n\u00e3o for aplic\u00e1vel, ou se expirar um per\u00edodo de armazenamento prescrito pelo legislador europeu ou outro legislador competente, os dados pessoais s\u00e3o rotineiramente bloqueados ou apagados de acordo com os requisitos legais.<\/p>\n\n\n\n<p>11. Direitos do titular dos dados<\/p>\n\n\n\n<p>a) Direito de confirma\u00e7\u00e3o<\/p>\n\n\n\n<p>Cada titular de dados tem o direito conferido pelo legislador europeu de obter do respons\u00e1vel pelo tratamento a confirma\u00e7\u00e3o de que os dados pessoais que lhe digam respeito est\u00e3o ou n\u00e3o a ser processados. Se um titular de dados desejar se valer desse direito de confirma\u00e7\u00e3o, ele poder\u00e1, a qualquer momento, entrar em contato com qualquer funcion\u00e1rio do controlador.<\/p>\n\n\n\n<p>B) Direito de acesso<\/p>\n\n\n\n<p>Cada titular de dados tem o direito conferido pelo legislador europeu de obter do respons\u00e1vel pelo tratamento informa\u00e7\u00f5es gratuitas sobre os seus dados pessoais armazenados a qualquer momento e uma c\u00f3pia dessas informa\u00e7\u00f5es. Al\u00e9m disso, as diretivas e os regulamentos europeus concedem ao titular dos dados o acesso \u00e0s seguintes informa\u00e7\u00f5es:<\/p>\n\n\n\n<p>os prop\u00f3sitos do processamento;<\/p>\n\n\n\n<p>as categorias de dados pessoais em causa;<\/p>\n\n\n\n<p>os destinat\u00e1rios ou categorias de destinat\u00e1rios a quem os dados pessoais foram ou ser\u00e3o divulgados, em especial os destinat\u00e1rios em pa\u00edses terceiros ou organiza\u00e7\u00f5es internacionais;<\/p>\n\n\n\n<p>sempre que poss\u00edvel, o per\u00edodo previsto para o qual os dados pessoais ser\u00e3o armazenados ou, se n\u00e3o for poss\u00edvel, os crit\u00e9rios utilizados para determinar esse per\u00edodo;<\/p>\n\n\n\n<p>a exist\u00eancia do direito de solicitar \u00e0 parte do respons\u00e1vel pelo tratamento a rectifica\u00e7\u00e3o ou o apagamento de dados pessoais ou a restri\u00e7\u00e3o do tratamento de dados pessoais relativos \u00e0 pessoa em causa, ou de se opor a esse tratamento;<\/p>\n\n\n\n<p>exist\u00eancia do direito de apresentar queixa junto de uma autoridade de supervis\u00e3o;<\/p>\n\n\n\n<p>onde os dados pessoais n\u00e3o s\u00e3o recolhidos do titular dos dados, qualquer informa\u00e7\u00e3o dispon\u00edvel quanto \u00e0 sua origem;<\/p>\n\n\n\n<p>a exist\u00eancia de tomadas de decis\u00e3o automatizadas, incluindo a defini\u00e7\u00e3o de perfis, referidas nos n\u00bas 1 e 4 do artigo 22\u00ba do GDPR e, pelo menos nesses casos, informa\u00e7\u00f5es significativas sobre a l\u00f3gica em causa, bem como a import\u00e2ncia e as consequ\u00eancias previstas de tal processamento para o titular dos dados.<\/p>\n\n\n\n<p>Al\u00e9m disso, o titular dos dados tem o direito de obter informa\u00e7\u00f5es sobre se os dados pessoais s\u00e3o transferidos para um pa\u00eds terceiro ou para uma organiza\u00e7\u00e3o internacional. Se for esse o caso, o titular dos dados ter\u00e1 o direito de ser informado das garantias adequadas relacionadas com a transfer\u00eancia.<\/p>\n\n\n\n<p>Se um titular de dados desejar se valer desse direito de acesso, ele poder\u00e1, a qualquer momento, entrar em contato com qualquer funcion\u00e1rio do controlador.<\/p>\n\n\n\n<p>C) Direito \u00e0 retifica\u00e7\u00e3o<\/p>\n\n\n\n<p>Cada titular de dados tem o direito conferido pelo legislador europeu de obter do respons\u00e1vel pelo tratamento, sem demora injustificada, a retifica\u00e7\u00e3o de dados pessoais incorretos que lhe digam respeito. Tendo em conta os fins do tratamento, o titular dos dados tem o direito de fornecer dados pessoais incompletos, incluindo atrav\u00e9s de uma declara\u00e7\u00e3o suplementar.<\/p>\n\n\n\n<p>Se um titular de dados desejar exercer esse direito \u00e0 retifica\u00e7\u00e3o, ele poder\u00e1, a qualquer momento, entrar em contato com qualquer funcion\u00e1rio do controlador.<\/p>\n\n\n\n<p>D) Direito de apagar (direito de ser esquecido)<\/p>\n\n\n\n<p>Cada titular de dados tem o direito conferido pelo legislador europeu de obter do respons\u00e1vel pelo tratamento o apagamento de dados pessoais que lhe digam respeito sem demora injustificada e o respons\u00e1vel pelo tratamento tem a obriga\u00e7\u00e3o de apagar os dados pessoais sem demora injustificada, se houver um dos seguintes motivos: aplica-se, desde que o processamento n\u00e3o seja necess\u00e1rio:<\/p>\n\n\n\n<p>Os dados pessoais n\u00e3o s\u00e3o mais necess\u00e1rios em rela\u00e7\u00e3o aos fins para os quais foram coletados ou processados de outra forma.<\/p>\n\n\n\n<p>O titular dos dados retira o consentimento ao qual o tratamento se baseia, nos termos do artigo 6.\u00ba, n.\u00ba 1, al\u00ednea a), do GDPR, ou do artigo 9.\u00ba, n.\u00ba 2, al\u00ednea a), do GDPR, e onde n\u00e3o h\u00e1 outros terreno para o processamento.<\/p>\n\n\n\n<p>O titular dos dados \u00e9 objtivo ao tratamento nos termos do artigo 21.\u00ba, n.\u00ba 1, do GDPR e n\u00e3o existem raz\u00f5es leg\u00edtimas para o tratamento, ou o titular dos dados se op\u00f5e ao tratamento nos termos do artigo 21.\u00ba, n.\u00ba 2, do GDPR.<\/p>\n\n\n\n<p>Os dados pessoais foram processados ilegalmente.<\/p>\n\n\n\n<p>Os dados pessoais devem ser apagados para cumprimento de uma obriga\u00e7\u00e3o legal na legisla\u00e7\u00e3o da Uni\u00e3o ou de um Estado-Membro \u00e0 qual o respons\u00e1vel pelo tratamento est\u00e1 sujeito.<\/p>\n\n\n\n<p>Os dados pessoais foram recolhidos em rela\u00e7\u00e3o \u00e0 oferta de servi\u00e7os da sociedade da informa\u00e7\u00e3o referidos no artigo 8.\u00ba, n.\u00ba 1, do GDPR.<\/p>\n\n\n\n<p>Se uma das raz\u00f5es acima mencionadas se aplica, e um titular de dados deseja solicitar o apagamento de dados pessoais armazenados pela Z Vegan Hair Concept, ele ou ela pode, a qualquer momento, entrar em contato com qualquer funcion\u00e1rio do controlador. Um funcion\u00e1rio da Z Vegan Hair Concept deve garantir imediatamente que a solicita\u00e7\u00e3o de elimina\u00e7\u00e3o seja atendida imediatamente.<\/p>\n\n\n\n<p>Caso o respons\u00e1vel pelo tratamento tenha tornado p\u00fablicos os dados pessoais e seja obrigado, nos termos do artigo 17.\u00ba, n.\u00ba 1, a apagar os dados pessoais, o respons\u00e1vel pelo tratamento, tendo em conta a tecnologia dispon\u00edvel e os custos de implementa\u00e7\u00e3o, tomar\u00e1 medidas razo\u00e1veis, incluindo medidas t\u00e9cnicas para informar outras. Os controladores que processam os dados pessoais que o titular dos dados solicitou apagam, por parte desses controladores, quaisquer liga\u00e7\u00f5es, c\u00f3pias ou replica\u00e7\u00f5es desses dados pessoais, desde que o processamento n\u00e3o seja necess\u00e1rio. Um funcion\u00e1rio do Z Vegan Hair Concept providenciar\u00e1 as medidas necess\u00e1rias em casos individuais.<\/p>\n\n\n\n<p>e) Direito de restri\u00e7\u00e3o de processamento<\/p>\n\n\n\n<p>Cada titular de dados tem o direito conferido pelo legislador europeu de obter do respons\u00e1vel pelo tratamento a restri\u00e7\u00e3o de tratamento sempre que se verifique uma das seguintes situa\u00e7\u00f5es:<\/p>\n\n\n\n<p>A exatid\u00e3o dos dados pessoais \u00e9 contestada pelo titular dos dados, por um per\u00edodo que permite ao controlador verificar a exatid\u00e3o dos dados pessoais.<\/p>\n\n\n\n<p>O processamento \u00e9 ilegal e o titular dos dados op\u00f5e-se ao apagamento dos dados pessoais e solicita, em vez disso, a restri\u00e7\u00e3o da sua utiliza\u00e7\u00e3o.<\/p>\n\n\n\n<p>O controlador n\u00e3o precisa mais dos dados pessoais para fins de processamento, mas eles s\u00e3o requeridos pelo titular dos dados para o estabelecimento, exerc\u00edcio ou defesa de reivindica\u00e7\u00f5es legais.<\/p>\n\n\n\n<p>O titular dos dados se op\u00f4s ao processamento nos termos do artigo 21 (1) do GDPR, enquanto se aguarda a verifica\u00e7\u00e3o se os motivos leg\u00edtimos do controlador prevalecem sobre os da pessoa em causa.<\/p>\n\n\n\n<p>Se uma das condi\u00e7\u00f5es acima mencionadas for cumprida, e um titular de dados desejar solicitar a restri\u00e7\u00e3o do processamento de dados pessoais armazenados pela Z Vegan Hair Concept, ele poder\u00e1, a qualquer momento, entrar em contato com qualquer funcion\u00e1rio do controlador. O empregado do Z Vegan Hair Concept providenciar\u00e1 a restri\u00e7\u00e3o do processamento.<\/p>\n\n\n\n<p>e) Direito de restri\u00e7\u00e3o de processamento<\/p>\n\n\n\n<p>Cada titular de dados tem o direito conferido pelo legislador europeu de obter do respons\u00e1vel pelo tratamento a restri\u00e7\u00e3o de tratamento sempre que se verifique uma das seguintes situa\u00e7\u00f5es:<\/p>\n\n\n\n<p>A exatid\u00e3o dos dados pessoais \u00e9 contestada pelo titular dos dados, por um per\u00edodo que permite ao controlador verificar a exatid\u00e3o dos dados pessoais.<\/p>\n\n\n\n<p>O processamento \u00e9 ilegal e o titular dos dados op\u00f5e-se ao apagamento dos dados pessoais e solicita, em vez disso, a restri\u00e7\u00e3o da sua utiliza\u00e7\u00e3o.<\/p>\n\n\n\n<p>O controlador n\u00e3o precisa mais dos dados pessoais para fins de processamento, mas eles s\u00e3o requeridos pelo titular dos dados para o estabelecimento, exerc\u00edcio ou defesa de reivindica\u00e7\u00f5es legais.<\/p>\n\n\n\n<p>O titular dos dados se op\u00f4s ao processamento nos termos do artigo 21 (1) do GDPR, enquanto se aguarda a verifica\u00e7\u00e3o se os motivos leg\u00edtimos do controlador prevalecem sobre os da pessoa em causa.<\/p>\n\n\n\n<p>Se uma das condi\u00e7\u00f5es acima mencionadas for cumprida, e um titular de dados desejar solicitar a restri\u00e7\u00e3o do processamento de dados pessoais armazenados pelo Z Vegan Hair Concept, ele poder\u00e1, a qualquer momento, entrar em contato com qualquer funcion\u00e1rio do controlador. O empregado do Z Vegan Hair Concept providenciar\u00e1 a restri\u00e7\u00e3o do processamento.<\/p>\n\n\n\n<p>F) Direito \u00e0 portabilidade de dados<\/p>\n\n\n\n<p>Cada titular de dados tem o direito conferido pelo legislador europeu de receber os dados pessoais que lhe s\u00e3o fornecidos, fornecidos a um respons\u00e1vel pelo tratamento, num formato estruturado, habitualmente utilizado e leg\u00edvel por m\u00e1quina. Tem o direito de transmitir esses dados a outro respons\u00e1vel pelo tratamento, sem impedimento do respons\u00e1vel pelo tratamento a que os dados pessoais foram fornecidos, desde que o tratamento se baseie no consentimento previsto no artigo 6.\u00ba, n.\u00ba 1, al\u00ednea a). o GDPR ou a al\u00ednea a) do no 2 do artigo 9.o do GDPR, ou num contrato nos termos do artigo 6.o, no 1, al\u00ednea b), do RGPD, e o tratamento \u00e9 efectuado por meios automatizados, desde que: O tratamento n\u00e3o \u00e9 necess\u00e1rio para o desempenho de uma tarefa realizada no interesse p\u00fablico ou no exerc\u00edcio da autoridade oficial do respons\u00e1vel pelo tratamento.<\/p>\n\n\n\n<p>Al\u00e9m disso, ao exercer o seu direito \u00e0 portabilidade de dados nos termos do artigo 20.\u00ba, n.\u00ba 1, do GDPR, o titular dos dados tem o direito de transmitir dados pessoais diretamente de um controlador para outro, sempre que tecnicamente exequ\u00edvel e quando o fizer. prejudicar os direitos e liberdades dos outros.<\/p>\n\n\n\n<p>A fim de reivindicar o direito \u00e0 portabilidade de dados, o titular dos dados pode, a qualquer momento, entrar em contato com qualquer funcion\u00e1rio do Z Vegan Hair Concept.<\/p>\n\n\n\n<p>G) Direito de contestar<\/p>\n\n\n\n<p>Cada titular de dados tem o direito que o legislador europeu tem de contestar, a qualquer momento, por motivos relacionados com a sua situa\u00e7\u00e3o particular, relativamente ao tratamento de dados pessoais que lhe digam respeito, baseado nas al\u00edneas e) ou f ) do artigo 6.\u00ba, n.\u00ba 1, do GDPR. Isso tamb\u00e9m se aplica \u00e0 cria\u00e7\u00e3o de perfis com base nessas disposi\u00e7\u00f5es.<\/p>\n\n\n\n<p>O Z Vegan Hair Concept n\u00e3o poder\u00e1 mais processar os dados pessoais em caso de obje\u00e7\u00e3o, a menos que possamos demonstrar motivos leg\u00edtimos convincentes para o processamento que anulem os interesses, direitos e liberdades do titular dos dados, ou para o estabelecimento, exerc\u00edcio ou defesa de a\u00e7\u00f5es judiciais. .<\/p>\n\n\n\n<p>Se o Z Vegan Hair Concept processar dados pessoais para fins de marketing direto, o titular dos dados ter\u00e1 o direito de se opor a qualquer momento ao processamento de dados pessoais relativos a ele ou ela para esse marketing. Isso se aplica ao perfil na medida em que est\u00e1 relacionado a esse marketing direto. Se o titular dos dados fizer obje\u00e7\u00e3o ao Z Vegan Hair Concept ao processamento para fins de marketing direto, o Z Vegan Hair Concept n\u00e3o processar\u00e1 mais os dados pessoais para esses fins.<\/p>\n\n\n\n<p>Al\u00e9m disso, o titular dos dados tem o direito, por motivos relacionados com a sua situa\u00e7\u00e3o particular, de se opor ao tratamento de dados pessoais que lhe digam respeito pelo Z Vegan Hair Concept para fins de investiga\u00e7\u00e3o cient\u00edfica ou hist\u00f3rica ou para fins estat\u00edsticos nos termos do artigo 89.o ( 1) do RGPD, a menos que o processamento seja necess\u00e1rio para o desempenho de uma tarefa realizada por raz\u00f5es de interesse p\u00fablico.<\/p>\n\n\n\n<p>Para exercer o direito de oposi\u00e7\u00e3o, o titular dos dados pode contatar qualquer funcion\u00e1rio do Z Vegan Hair Concept. Al\u00e9m disso, a pessoa em causa \u00e9 livre no contexto da utiliza\u00e7\u00e3o de servi\u00e7os da sociedade da informa\u00e7\u00e3o, e n\u00e3o obstante a Diretiva 2002\/58 \/ CE, para utilizar o seu direito de oposi\u00e7\u00e3o por meios automatizados, utilizando especifica\u00e7\u00f5es t\u00e9cnicas.<\/p>\n\n\n\n<p>h) Tomada de decis\u00e3o individual automatizada, incluindo perfila\u00e7\u00e3o<\/p>\n\n\n\n<p>Cada titular de dados tem o direito que o legislador europeu tem de n\u00e3o ser objecto de uma decis\u00e3o baseada apenas no tratamento automatizado, incluindo a defini\u00e7\u00e3o de perfis, que produz efeitos jur\u00eddicos sobre si ou que de igual modo o afecta, enquanto a decis\u00e3o for tomada. (1) n\u00e3o for necess\u00e1rio para celebrar ou executar um contrato entre o titular dos dados e um respons\u00e1vel pelo tratamento de dados ou (2) n\u00e3o estiver autorizado pela legisla\u00e7\u00e3o da Uni\u00e3o ou do Estado-Membro a que o respons\u00e1vel esteja sujeito e tamb\u00e9m medidas adequadas para salvaguardar os direitos e liberdades e os interesses leg\u00edtimos da pessoa em causa, ou (3) n\u00e3o se baseia no consentimento expl\u00edcito da pessoa em causa.<\/p>\n\n\n\n<p>Se a decis\u00e3o (1) for necess\u00e1ria para a celebra\u00e7\u00e3o ou execu\u00e7\u00e3o de um contrato entre o titular dos dados e um controlador de dados ou (2) se basear no consentimento expl\u00edcito do titular dos dados, o Z Vegan Hair Concept implementar\u00e1 medidas adequadas para salvaguardar os direitos e liberdades da pessoa em causa e os interesses leg\u00edtimos, pelo menos o direito de obter interven\u00e7\u00e3o humana por parte do respons\u00e1vel pelo tratamento, para expressar o seu ponto de vista e contestar a decis\u00e3o.<\/p>\n\n\n\n<p>Se o titular dos dados desejar exercer os direitos relativos \u00e0 tomada de decis\u00e3o individual automatizada, ele ou ela poder\u00e1, a qualquer momento, entrar em contato com qualquer funcion\u00e1rio do Z Vegan Hair Concept.<\/p>\n\n\n\n<p>i) Direito de retirar o consentimento de prote\u00e7\u00e3o de dados<\/p>\n\n\n\n<p>Cada titular de dados ter\u00e1 o direito que o legislador europeu ter\u00e1 de retirar o seu consentimento para o tratamento dos seus dados pessoais a qualquer momento.<\/p>\n\n\n\n<p>Se o titular dos dados desejar exercer o direito de retirar o consentimento, ele poder\u00e1, a qualquer momento, entrar em contato com qualquer funcion\u00e1rio da Z Vegan Hair Concept.<\/p>\n\n\n\n<p>12. Provis\u00f5es de prote\u00e7\u00e3o de dados sobre a aplica\u00e7\u00e3o e uso do Facebook<\/p>\n\n\n\n<p>Neste site, o controlador integrou componentes da empresa Facebook. O Facebook \u00e9 uma rede social.<\/p>\n\n\n\n<p>Uma rede social \u00e9 um local para reuni\u00f5es sociais na Internet, uma comunidade on-line, que geralmente permite que os usu\u00e1rios se comuniquem entre si e interajam em um espa\u00e7o virtual. Uma rede social pode servir como uma plataforma para a troca de opini\u00f5es e experi\u00eancias, ou permitir que a comunidade da Internet forne\u00e7a informa\u00e7\u00f5es pessoais ou relacionadas a neg\u00f3cios. O Facebook permite que os usu\u00e1rios de redes sociais incluam a cria\u00e7\u00e3o de perfis privados, upload de fotos e rede por meio de solicita\u00e7\u00f5es de amizade.<\/p>\n\n\n\n<p>A empresa operadora do Facebook \u00e9 a Facebook, Inc., 1 Hacker Way, Menlo Park, CA 94025, Estados Unidos. Se uma pessoa mora fora dos Estados Unidos ou Canad\u00e1, a controladora \u00e9 a Facebook Ireland Ltd., 4 Grand Canal Square, Grande Canal Harbor, Dublin 2, Irlanda.<\/p>\n\n\n\n<p>A cada chamada de uma das p\u00e1ginas individuais deste site da Internet, operado pelo controlador e no qual um componente do Facebook (plug-ins do Facebook) foi integrado, o navegador da Web no sistema de tecnologia da informa\u00e7\u00e3o do sujeito de dados \u00e9 automaticamente solicitado a baixar a exibi\u00e7\u00e3o do componente correspondente do Facebook do Facebook atrav\u00e9s do componente do Facebook. Uma vis\u00e3o geral de todos os plug-ins do Facebook pode ser acessada em https:\/\/developers.facebook.com\/docs\/plugins\/. Durante o curso deste procedimento t\u00e9cnico, o Facebook est\u00e1 ciente de que sub-site espec\u00edfico do nosso site foi visitado pelo sujeito dos dados.<\/p>\n\n\n\n<p>Se o assunto dos dados estiver logado ao mesmo tempo no Facebook, o Facebook detectar\u00e1 todas as chamadas para o nosso site pelo sujeito dos dados \u2013 e por toda a dura\u00e7\u00e3o de sua estadia em nosso site \u2013 que sub-site espec\u00edfico de nossa Internet p\u00e1gina foi visitada pela pessoa em causa. Essas informa\u00e7\u00f5es s\u00e3o coletadas atrav\u00e9s do componente do Facebook e associadas \u00e0 respectiva conta do Facebook do titular dos dados. Se a pessoa em causa clicar num dos bot\u00f5es do Facebook integrados no nosso website, por ex. o bot\u00e3o &#8220;Curtir&#8221;, ou se o titular de dados enviar um coment\u00e1rio, o Facebook corresponder\u00e1 essa informa\u00e7\u00e3o com a conta de usu\u00e1rio pessoal do Facebook do titular dos dados e armazenar\u00e1 os dados pessoais.<\/p>\n\n\n\n<p>O Facebook sempre recebe, atrav\u00e9s do componente do Facebook, informa\u00e7\u00f5es sobre uma visita ao nosso site pelo titular dos dados, sempre que o sujeito de dados estiver logado ao mesmo tempo no Facebook durante o per\u00edodo de chamada para o nosso site. Isso ocorre independentemente de o sujeito do dado clicar no componente do Facebook ou n\u00e3o. Se tal transmiss\u00e3o de informa\u00e7\u00f5es para o Facebook n\u00e3o for desej\u00e1vel para o titular dos dados, ele ou ela poder\u00e1 impedir isso efetuando o logoff de sua conta do Facebook antes que uma chamada para o nosso site seja feita.<\/p>\n\n\n\n<p>A diretriz de prote\u00e7\u00e3o de dados publicada pelo Facebook, dispon\u00edvel em https:\/\/facebook.com\/about\/privacy\/, fornece informa\u00e7\u00f5es sobre a coleta, processamento e uso de dados pessoais pelo Facebook. Al\u00e9m disso, s\u00e3o explicadas as op\u00e7\u00f5es de configura\u00e7\u00e3o oferecidas pelo Facebook para proteger a privacidade do assunto dos dados. Al\u00e9m disso, diferentes op\u00e7\u00f5es de configura\u00e7\u00e3o s\u00e3o disponibilizadas para permitir a elimina\u00e7\u00e3o da transmiss\u00e3o de dados para o Facebook. Estas aplica\u00e7\u00f5es podem ser utilizadas pelo titular dos dados para eliminar uma transmiss\u00e3o de dados para o Facebook.<\/p>\n\n\n\n<p>13. Disposi\u00e7\u00f5es de prote\u00e7\u00e3o de dados sobre a aplica\u00e7\u00e3o e uso do Google Analytics (com fun\u00e7\u00e3o de anonimiza\u00e7\u00e3o)<\/p>\n\n\n\n<p>Neste site, o controlador integrou o componente do Google Analytics (com a fun\u00e7\u00e3o anonymizer). O Google Analytics \u00e9 um servi\u00e7o de an\u00e1lise da web. Web analytics \u00e9 a coleta, coleta e an\u00e1lise de dados sobre o comportamento dos visitantes dos sites. Um servi\u00e7o de an\u00e1lise da Web coleta, inter alia, dados sobre o site a partir do qual uma pessoa chegou (o chamado referenciador), quais subp\u00e1ginas foram visitadas ou com que frequ\u00eancia e por quanto tempo uma subp\u00e1gina foi visualizada. A an\u00e1lise da Web \u00e9 usada principalmente para a otimiza\u00e7\u00e3o de um site e para realizar uma an\u00e1lise de custo-benef\u00edcio da publicidade na Internet.<\/p>\n\n\n\n<p>A operadora do componente Google Analytics \u00e9 a Google Inc., 1600 Amphitheatre Pkwy, Mountain View, CA 94043-1351, Estados Unidos.<\/p>\n\n\n\n<p>Para a an\u00e1lise da web por meio do Google Analytics, o controlador usa o aplicativo &#8220;_gat. _anonymizeIp&#8221;. Por meio deste aplicativo, o endere\u00e7o IP da conex\u00e3o de Internet do titular dos dados \u00e9 abreviado pelo Google e anonimizado ao acessar nossos sites a partir de um Estado Membro da Uni\u00e3o Europeia ou de outro Estado Contratante ao Acordo sobre o Espa\u00e7o Econ\u00f4mico Europeu.<\/p>\n\n\n\n<p>O objetivo do componente do Google Analytics \u00e9 analisar o tr\u00e1fego em nosso site. O Google usa os dados e informa\u00e7\u00f5es coletadas, entre outros, para avaliar o uso do nosso site e para fornecer relat\u00f3rios on-line, que mostram as atividades em nossos sites e para fornecer outros servi\u00e7os relacionados ao uso de nosso site na Internet.<\/p>\n\n\n\n<p>O Google Analytics coloca um cookie no sistema de tecnologia da informa\u00e7\u00e3o do data assunto. A defini\u00e7\u00e3o de cookies \u00e9 explicada acima. Com a configura\u00e7\u00e3o do cookie, o Google est\u00e1 habilitado para analisar o uso do nosso site. A cada chamada efetuada para uma das p\u00e1ginas individuais deste site da Internet, operado pelo controlador e no qual um componente do Google Analytics foi integrado, o navegador da Internet no sistema de tecnologia da informa\u00e7\u00e3o do sujeito dos dados enviar\u00e1 automaticamente os dados por meio do Componente do Google Analytics para fins de publicidade on-line e a liquida\u00e7\u00e3o de comiss\u00f5es para o Google. Durante o curso deste procedimento t\u00e9cnico, a empresa Google adquire conhecimento de informa\u00e7\u00f5es pessoais, como o endere\u00e7o IP do titular dos dados, que serve ao Google, entre outras coisas, para entender a origem dos visitantes e cliques e, subsequentemente, criar acordos de comiss\u00e3o. cookie \u00e9 usado para armazenar informa\u00e7\u00f5es pessoais, como o tempo de acesso, a localiza\u00e7\u00e3o a partir da qual o acesso foi feito e a frequ\u00eancia de visitas de nosso site pelo usu\u00e1rio dos dados. A cada visita ao nosso site da Internet, esses dados pessoais, incluindo o endere\u00e7o IP do acesso \u00e0 Internet utilizado pelo titular dos dados, ser\u00e3o transmitidos ao Google nos Estados Unidos da Am\u00e9rica. Esses dados pessoais s\u00e3o armazenados pelo Google nos Estados Unidos da Am\u00e9rica. A Google pode transmitir estes dados pessoais recolhidos atrav\u00e9s do procedimento t\u00e9cnico a terceiros. O titular dos dados pode, conforme indicado acima, impedir a configura\u00e7\u00e3o de cookies atrav\u00e9s do nosso website a qualquer momento, atrav\u00e9s de um ajuste correspondente do navegador da Web utilizado e assim negar permanentemente a configura\u00e7\u00e3o de cookies. Tal ajuste ao navegador da Internet usado tamb\u00e9m impediria o Google Analytics de definir um cookie no sistema de tecnologia da informa\u00e7\u00e3o do sujeito dos dados. Al\u00e9m disso, os cookies j\u00e1 em uso pelo Google Analytics podem ser exclu\u00eddos a qualquer momento por meio de um navegador da web ou de outros programas de software.Al\u00e9m disso, o titular dos dados tem a possibilidade de se opor a uma coleta de dados gerados pelo Google Analytics, que \u00e9 relacionadas ao uso deste site, bem como o processamento desses dados pelo Google e a chance de impedi-los. Para isso, o participante de dados deve baixar um complemento do navegador no link https:\/\/tools.google.com\/dlpage\/gaoptout e instal\u00e1-lo. Esse complemento do navegador informa ao Google Analytics por meio de um JavaScript que quaisquer dados e informa\u00e7\u00f5es sobre as visitas de p\u00e1ginas da Internet n\u00e3o podem ser transmitidos ao Google Analytics. A instala\u00e7\u00e3o dos complementos do navegador \u00e9 considerada uma obje\u00e7\u00e3o do Google. Se o sistema de tecnologia da informa\u00e7\u00e3o do assunto dos dados for posteriormente exclu\u00eddo, formatado ou rec\u00e9m-instalado, o participante dos dados dever\u00e1 reinstalar os complementos do navegador para desativar o Google Analytics. Se o complemento do navegador foi desinstalado pelo titular dos dados ou por qualquer outra pessoa que seja imput\u00e1vel \u00e0 sua esfera de compet\u00eancia ou esteja desativada, \u00e9 poss\u00edvel executar a reinstala\u00e7\u00e3o ou reativa\u00e7\u00e3o dos complementos do navegador. As provis\u00f5es de prote\u00e7\u00e3o de dados do Google podem ser recuperadas em https:\/\/www.google.com\/intl\/pt-BR\/policies\/privacy\/ e em http:\/\/www.google.com\/analytics\/terms\/us.html. O Google Analytics \u00e9 explicado no Link a seguir https:\/\/www.google.com\/analytics\/.<\/p>\n\n\n\n<p>14. Provis\u00f5es de prote\u00e7\u00e3o de dados sobre o aplicativo e o uso do Google Remarketing<\/p>\n\n\n\n<p>Neste site, o controlador integrou os servi\u00e7os de remarketing do Google. O Remarketing do Google \u00e9 um recurso do Google AdWords, que permite que uma empresa exiba publicidade para usu\u00e1rios da Internet que residiram anteriormente no site da empresa na Internet. A integra\u00e7\u00e3o do Remarketing do Google permite, assim, que uma empresa crie publicidade baseada no usu\u00e1rio e, assim, exiba an\u00fancios relevantes para usu\u00e1rios da Internet interessados.<\/p>\n\n\n\n<p>A empresa operadora dos servi\u00e7os de remarketing do Google \u00e9 a Google Inc., 1600 Amphitheatre Pkwy, Mountain View, CA 94043-1351, Estados Unidos.<\/p>\n\n\n\n<p>O objetivo do Remarketing do Google \u00e9 a inser\u00e7\u00e3o de publicidade relevante para os interesses. O Remarketing do Google nos permite exibir an\u00fancios na rede do Google ou em outros sites, que s\u00e3o baseados em necessidades individuais e correspondem aos interesses dos usu\u00e1rios da Internet.<\/p>\n\n\n\n<p>O Remarketing do Google define um cookie no sistema de tecnologia da informa\u00e7\u00e3o do assunto dos dados. A defini\u00e7\u00e3o de cookies \u00e9 explicada acima. Com a configura\u00e7\u00e3o do cookie, o Google permite o reconhecimento do visitante do nosso site se ele acessar p\u00e1ginas da Web consecutivas, que tamb\u00e9m s\u00e3o membros da rede de publicidade do Google. A cada chamada feita para um site da Internet no qual o servi\u00e7o foi integrado pelo Google Remarketing, o navegador da Web do indiv\u00edduo de dados \u00e9 identificado automaticamente pelo Google. Durante o curso deste procedimento t\u00e9cnico, o Google recebe informa\u00e7\u00f5es pessoais, como o endere\u00e7o IP ou o comportamento de navega\u00e7\u00e3o do usu\u00e1rio, que o Google usa, inter alia, para a inser\u00e7\u00e3o de publicidade com interesse relevante.<\/p>\n\n\n\n<p>O cookie \u00e9 usado para armazenar informa\u00e7\u00f5es pessoais, por ex. as p\u00e1ginas da Internet visitadas pelo titular dos dados. Cada vez que visitamos nossas p\u00e1ginas da Internet, os dados pessoais, incluindo o endere\u00e7o IP do acesso \u00e0 Internet usado pelo participante dos dados, s\u00e3o transmitidos ao Google nos Estados Unidos da Am\u00e9rica. Esses dados pessoais s\u00e3o armazenados pelo Google nos Estados Unidos da Am\u00e9rica. O Google pode passar esses dados pessoais coletados por meio do procedimento t\u00e9cnico para terceiros.<\/p>\n\n\n\n<p>O titular dos dados pode, como dito acima, impedir a configura\u00e7\u00e3o de cookies atrav\u00e9s do nosso site a qualquer momento por meio de um ajuste correspondente do navegador da web usado e, assim, negar permanentemente a configura\u00e7\u00e3o de cookies. Tal ajuste ao navegador da Internet usado tamb\u00e9m impediria o Google de definir um cookie no sistema de tecnologia da informa\u00e7\u00e3o do sujeito dos dados. Al\u00e9m disso, os cookies que j\u00e1 est\u00e3o em uso pelo Google podem ser exclu\u00eddos a qualquer momento por meio de um navegador da web ou de outros programas de software.<\/p>\n\n\n\n<p>Al\u00e9m disso, o titular dos dados tem a possibilidade de se opor \u00e0 publicidade baseada em interesses pelo Google. Para este prop\u00f3sito, o titular dos dados deve acessar o link para www.google.de\/settings\/ads e fazer as configura\u00e7\u00f5es desejadas em cada navegador de Internet usado pelo participante dos dados.<\/p>\n\n\n\n<p>Mais informa\u00e7\u00f5es e as provis\u00f5es reais de prote\u00e7\u00e3o de dados do Google podem ser recuperadas em https:\/\/www.google.com\/intl\/pt-BR\/policies\/privacy\/.<\/p>\n\n\n\n<p>15. Provis\u00f5es de prote\u00e7\u00e3o de dados sobre a aplica\u00e7\u00e3o e uso do Google+<\/p>\n\n\n\n<p>Neste site, o controlador integrou o bot\u00e3o do Google+ como um componente. O Google+ \u00e9 uma chamada rede social. Uma rede social \u00e9 um ponto de encontro social na Internet, uma comunidade on-line, que geralmente permite que os usu\u00e1rios se comuniquem entre si e interajam em um espa\u00e7o virtual. Uma rede social pode servir como uma plataforma para a troca de opini\u00f5es e experi\u00eancias, ou permitir que a comunidade da Internet forne\u00e7a informa\u00e7\u00f5es pessoais ou relacionadas a neg\u00f3cios. O Google+ permite que os usu\u00e1rios da rede social incluam a cria\u00e7\u00e3o de perfis privados, upload de fotos e rede por meio de solicita\u00e7\u00f5es de amizade.<\/p>\n\n\n\n<p>A empresa operadora do Google+ \u00e9 a Google Inc., 1600 Amphitheatre Pkwy, Mountain View, CA 94043-1351, ESTADOS UNIDOS.<\/p>\n\n\n\n<p>A cada chamada feita para uma das p\u00e1ginas individuais deste site, operado pelo controlador e no qual um bot\u00e3o do Google+ foi integrado, o navegador da Internet no sistema de tecnologia da informa\u00e7\u00e3o do indiv\u00edduo de dados baixa automaticamente uma exibi\u00e7\u00e3o do correspondente Bot\u00e3o do Google+ do Google atrav\u00e9s do respectivo componente do bot\u00e3o do Google+. Durante o curso deste procedimento t\u00e9cnico, o Google est\u00e1 ciente de qual subp\u00e1gina espec\u00edfica de nosso site foi visitada pelo assunto dos dados. Informa\u00e7\u00f5es mais detalhadas sobre o Google+ est\u00e3o dispon\u00edveis em https:\/\/developers.google.com\/+\/.<\/p>\n\n\n\n<p>Se o assunto dos dados estiver logado ao mesmo tempo no Google+, o Google reconhece, a cada chamada, ao nosso site pelo sujeito dos dados e por toda a dura\u00e7\u00e3o de sua perman\u00eancia em nosso site na Internet, quais subp\u00e1ginas espec\u00edficas de nosso site A p\u00e1gina da Internet foi visitada pela pessoa em causa. Essas informa\u00e7\u00f5es s\u00e3o coletadas por meio do bot\u00e3o do Google+ e o Google faz a correspond\u00eancia com a respectiva conta do Google+ associada ao assunto dos dados.<\/p>\n\n\n\n<p>Se o titular dos dados clicar no bot\u00e3o do Google+ integrado em nosso site e, assim, der uma recomenda\u00e7\u00e3o do Google+ 1, o Google atribuir\u00e1 essas informa\u00e7\u00f5es ao peconta do usu\u00e1rio do Google+ sobre o assunto dos dados e armazena os dados pessoais. O Google armazena a recomenda\u00e7\u00e3o do Google+ 1 do sujeito dos dados, tornando-a dispon\u00edvel publicamente de acordo com os termos e condi\u00e7\u00f5es aceitos pelo titular dos dados a esse respeito. Posteriormente, uma recomenda\u00e7\u00e3o do Google+ 1 fornecida pelo titular dos dados neste site juntamente com outros dados pessoais, como o nome da conta do Google+ usado pelo titular dos dados e a foto armazenada, \u00e9 armazenada e processada em outros servi\u00e7os do Google, como mecanismo de pesquisa. resultados do mecanismo de pesquisa do Google, a conta do Google do titular dos dados ou em outros locais, por nas p\u00e1ginas da Internet ou em rela\u00e7\u00e3o aos an\u00fancios. O Google tamb\u00e9m pode vincular a visita a este site com outros dados pessoais armazenados no Google. O Google tamb\u00e9m registra essas informa\u00e7\u00f5es pessoais com o objetivo de melhorar ou otimizar os v\u00e1rios servi\u00e7os do Google.Atrav\u00e9s do bot\u00e3o do Google+, o Google recebe informa\u00e7\u00f5es de que o participante visitou nosso site, se o assunto dos dados no momento da chamada for nosso site logado no Google+. Isso ocorre independentemente de o titular dos dados clicar ou n\u00e3o clicar no bot\u00e3o do Google+.Se o titular dos dados n\u00e3o desejar transmitir dados pessoais ao Google, ele poder\u00e1 impedir essa transmiss\u00e3o efetuando logout da conta do Google+ antes de acessar o site. nosso site.As informa\u00e7\u00f5es adicionais e as provis\u00f5es de prote\u00e7\u00e3o de dados do Google podem ser recuperadas em https:\/\/www.google.com\/intl\/pt-BR\/policies\/privacy\/. Mais refer\u00eancias do Google sobre o bot\u00e3o do Google+ 1 podem ser obtidas em https:\/\/developers.google.com\/+\/web\/buttons-policy.16. Dispositivos de prote\u00e7\u00e3o de dados sobre a aplica\u00e7\u00e3o e uso do Google-AdWordsNeste site, o controlador integrou o Google AdWords. O Google AdWords \u00e9 um servi\u00e7o de publicidade na Internet que permite ao anunciante colocar an\u00fancios nos resultados dos mecanismos de pesquisa do Google e na rede de publicidade do Google. O Google AdWords permite que um anunciante pr\u00e9-defina palavras-chave espec\u00edficas com a ajuda de que um an\u00fancio nos resultados de pesquisa do Google s\u00f3 ser\u00e1 exibido quando o usu\u00e1rio utilizar o mecanismo de pesquisa para recuperar um resultado de pesquisa relevante para palavras-chave. Na Rede de publicidade do Google, os an\u00fancios s\u00e3o distribu\u00eddos em p\u00e1ginas da web relevantes usando um algoritmo autom\u00e1tico, levando em conta as palavras-chave definidas anteriormente. A empresa operacional do Google AdWords \u00e9 a Google Inc., 1600 Amphitheatre Pkwy, Mountain View, CA 94043-1351, ESTADOS UNIDOS.O objetivo do Google AdWords \u00e9 a promo\u00e7\u00e3o do nosso site atrav\u00e9s da inclus\u00e3o de publicidade relevante nos sites de terceiros e nos resultados do mecanismo de pesquisa do Google e uma inser\u00e7\u00e3o de publicidade de terceiros em nosso site.If um sujeito de dados chega ao nosso site atrav\u00e9s de um an\u00fancio do Google, um cookie de convers\u00e3o \u00e9 arquivado no sistema de tecnologia da informa\u00e7\u00e3o do sujeito dos dados atrav\u00e9s do Google. A defini\u00e7\u00e3o de cookies \u00e9 explicada acima. Um cookie de convers\u00e3o perde sua validade ap\u00f3s 30 dias e n\u00e3o \u00e9 usado para identificar o assunto dos dados. Se o cookie n\u00e3o tiver expirado, o cookie de convers\u00e3o ser\u00e1 usado para verificar se determinadas subp\u00e1ginas, por exemplo, o carrinho de compras de um sistema de loja on-line, foram acessadas em nosso site. Por meio do cookie de convers\u00e3o, o Google e o controlador podem entender se uma pessoa que acessou um an\u00fancio do Google AdWords em nosso site gerou vendas, ou seja, executou ou cancelou uma venda de mercadorias. Os dados e informa\u00e7\u00f5es coletados por meio do cookie de convers\u00e3o s\u00e3o usado pelo Google para criar estat\u00edsticas de visitas para o nosso site. Essas estat\u00edsticas de visita s\u00e3o usadas para determinar o n\u00famero total de usu\u00e1rios que foram veiculados por meio dos an\u00fancios do Google AdWords para verificar o sucesso ou o fracasso de cada an\u00fancio do Google AdWords e para otimizar nossos an\u00fancios do Google AdWords no futuro. Nem a nossa empresa nem outros anunciantes do Google AdWords recebem informa\u00e7\u00f5es do Google que possam identificar o assunto dos dados. O cookie de convers\u00e3o armazena informa\u00e7\u00f5es pessoais, por exemplo, as p\u00e1ginas da Internet visitadas pelo titular dos dados. Cada vez que visitamos nossas p\u00e1ginas da Internet, os dados pessoais, incluindo o endere\u00e7o IP do acesso \u00e0 Internet usado pelo participante dos dados, s\u00e3o transmitidos ao Google nos Estados Unidos da Am\u00e9rica. Esses dados pessoais s\u00e3o armazenados pelo Google nos Estados Unidos da Am\u00e9rica. O Google pode transmitir esses dados pessoais coletados por meio do procedimento t\u00e9cnico a terceiros. O titular dos dados pode, a qualquer momento, impedir a configura\u00e7\u00e3o de cookies pelo nosso site, conforme mencionado acima, por meio de uma configura\u00e7\u00e3o correspondente do navegador da Internet usado. permanentemente negar a configura\u00e7\u00e3o de cookies. Essa configura\u00e7\u00e3o do navegador da Internet usada tamb\u00e9m impediria o Google de colocar um cookie de convers\u00e3o no sistema de tecnologia da informa\u00e7\u00e3o do sujeito dos dados. Al\u00e9m disso, um cookie definido pelo Google AdWords pode ser exclu\u00eddo a qualquer momento por meio do navegador da Internet ou de outros programas de software. O titular dos dados tem a possibilidade de se opor ao an\u00fancio baseado em interesses do Google. Portanto, o titular de dados deve acessar de cada um dos navegadores em usoAcesse www.google.de\/settings\/ads e defina as configura\u00e7\u00f5es desejadas. Mais informa\u00e7\u00f5es e as provis\u00f5es de prote\u00e7\u00e3o de dados aplic\u00e1veis do Google podem ser recuperadas em https:\/\/www.google.com\/intl\/pt-BR\/policies\/privacy\/. 17 Dispositivos de prote\u00e7\u00e3o de dados sobre a aplica\u00e7\u00e3o e uso do InstagramNeste site, o controlador integrou componentes do servi\u00e7o Instagram. O Instagram \u00e9 um servi\u00e7o que pode ser qualificado como plataforma audiovisual, que permite aos usu\u00e1rios compartilhar fotos e v\u00eddeos, al\u00e9m de divulgar tais dados em outras redes sociais. A empresa operadora dos servi\u00e7os oferecidos pelo Instagram \u00e9 Instagram LLC, 1 Hacker Way, Edif\u00edcio 14 First Floor, Menlo Park, CA, ESTADOS UNIDOS. Com cada chamada para uma das p\u00e1ginas individuais deste site da Internet, que \u00e9 operado pelo controlador e no qual um componente Instagram (bot\u00e3o Insta) foi integrado, a Internet navegador no sistema de tecnologia da informa\u00e7\u00e3o do sujeito de dados \u00e9 automaticamente solicitado para o download de uma exibi\u00e7\u00e3o do componente Instagram correspondente do Instagram. Durante o curso deste procedimento t\u00e9cnico, o Instagram fica ciente de qual subp\u00e1gina espec\u00edfica do nosso site foi visitada pelo sujeito dos dados. Se o assunto dos dados estiver logado ao mesmo tempo no Instagram, o Instagram detecta a cada chamada para o nosso site. website pela pessoa em causa \u2013 e durante toda a dura\u00e7\u00e3o da sua estadia no nosso site na Internet \u2013 qual subp\u00e1gina espec\u00edfica da nossa p\u00e1gina da Internet foi visitada pela pessoa em causa. Esta informa\u00e7\u00e3o \u00e9 recolhida atrav\u00e9s do componente Instagram e est\u00e1 associada \u00e0 respectiva conta Instagram do titular dos dados. Se a pessoa em causa clica num dos bot\u00f5es do Instagram integrados no nosso site, o Instagram associa esta informa\u00e7\u00e3o \u00e0 conta de utilizador do Instagram pessoal do titular dos dados e armazena os dados pessoais.Instagram recebe informa\u00e7\u00f5es atrav\u00e9s do componente Instagram que o titular dos dados visitou nosso site desde que o sujeito de dados esteja logado no Instagram no momento da chamada para o nosso site. Isso ocorre independentemente de a pessoa clicar no bot\u00e3o do Instagram ou n\u00e3o. Se tal transmiss\u00e3o de informa\u00e7\u00e3o para o Instagram n\u00e3o for desej\u00e1vel para o sujeito dos dados, ent\u00e3o ele ou ela pode evitar isso efetuando logout da sua conta do Instagram antes de uma chamada para o nosso site. Mais informa\u00e7\u00f5es e as disposi\u00e7\u00f5es de prote\u00e7\u00e3o de dados aplic\u00e1veis. O Instagram pode ser recuperado em https:\/\/help.instagram.com\/155833707900388 e em https:\/\/www.instagram.com\/about\/legal\/privacy\/.18. Dispositivos de prote\u00e7\u00e3o de dados sobre a aplica\u00e7\u00e3o e uso do Jetpack para WordPress. Neste site, o controlador integrou o Jetpack. Jetpack \u00e9 um plug-in WordPress, que fornece recursos adicionais para o operador de um site baseado no WordPress. O Jetpack permite ao operador do site da Internet, inter alia, uma vis\u00e3o geral dos visitantes do site. Ao exibir publica\u00e7\u00f5es e publica\u00e7\u00f5es relacionadas, ou a capacidade de compartilhar conte\u00fado na p\u00e1gina, tamb\u00e9m \u00e9 poss\u00edvel aumentar o n\u00famero de visitantes. Al\u00e9m disso, os recursos de seguran\u00e7a s\u00e3o integrados ao Jetpack, portanto, um site que usa o Jetpack est\u00e1 mais protegido contra ataques de for\u00e7a bruta. O Jetpack tamb\u00e9m otimiza e acelera o carregamento de imagens no site. A empresa operacional do Jetpack Plug-Ins para WordPress \u00e9 a Automattic Inc., 132 Hawthorne Street, S\u00e3o Francisco, CA 94107, ESTADOS UNIDOS. A empresa em opera\u00e7\u00e3o utiliza a tecnologia de rastreamento criada pela Quantcast Inc., 201 Third Street, S\u00e3o Francisco, CA 94103, ESTADOS UNIDOS. A Jetpack define um cookie no sistema de tecnologia da informa\u00e7\u00e3o usado pelo titular dos dados. A defini\u00e7\u00e3o de cookies \u00e9 explicada acima. A cada chamada efetuada para uma das p\u00e1ginas individuais deste site da Internet, operado pelo controlador e no qual um componente Jetpack foi integrado, o navegador da Internet no sistema de tecnologia da informa\u00e7\u00e3o da pessoa em quest\u00e3o \u00e9 automaticamente solicitado a enviar dados por meio de o componente Jetpack para prop\u00f3sitos de an\u00e1lise para Automattic. Durante o curso deste procedimento t\u00e9cnico, a Automattic recebe dados que s\u00e3o usados para criar uma vis\u00e3o geral das visitas ao site. Os dados obtidos desta forma servem para a an\u00e1lise do comportamento do sujeito dos dados, que tem acesso \u00e0 p\u00e1gina da Internet do controlador e \u00e9 analisado com o objetivo de otimizar o website. Os dados recolhidos atrav\u00e9s do componente Jetpack n\u00e3o s\u00e3o utilizados para identificar o titular dos dados sem uma pr\u00e9via obten\u00e7\u00e3o de um consentimento expresso separado do titular dos dados. Os dados v\u00eam tamb\u00e9m ao aviso de Quantcast Quantcast utiliza os dados para as mesmas finalidades da Automattic. O titular dos dados pode, como dito acima, impedir a configura\u00e7\u00e3o de cookies em nosso site a qualquer momento por meio de um ajuste correspondente do navegador usado e assim negar permanentemente a configura\u00e7\u00e3o de cookies . Tal ajuste ao navegador da Internet usado tamb\u00e9m impediria que a Automattic \/ Quantcast configurasse um cookie no sistema de tecnologia da informa\u00e7\u00e3o do sujeito dos dados. Al\u00e9m disso, os cookies j\u00e1 em uso pela Automs\u00f3t\u00e3o \/ Quantcast pode ser exclu\u00eddo a qualquer momento atrav\u00e9s de um navegador da web ou outros programas de software.Al\u00e9m disso, o titular dos dados tem a possibilidade de se opor a uma cole\u00e7\u00e3o de dados relativos a um uso deste site da Internet que s\u00e3o gerados pelo cookie Jetpack como bem como o processamento destes dados por Automattic \/ Quantcast e a chance de impedir qualquer tal. Para este efeito, o titular dos dados deve pressionar o bot\u00e3o &#8220;opt-out&#8221; no link https:\/\/www.quantcast.com\/opt-out\/ que define um cookie de exclus\u00e3o. O cookie de opt-out definido para esse fim \u00e9 colocado no sistema de tecnologia da informa\u00e7\u00e3o usado pelo titular dos dados. Se os cookies forem eliminados no sistema do titular dos dados, o titular dos dados deve ligar novamente para o link e definir um novo cookie de exclus\u00e3o. No entanto, com a configura\u00e7\u00e3o do cookie de exclus\u00e3o, existe a possibilidade de os sites do controlador n\u00e3o s\u00e3o mais totalmente utiliz\u00e1veis pelo titular dos dados. As disposi\u00e7\u00f5es aplic\u00e1veis de prote\u00e7\u00e3o de dados da Automattic podem ser acessadas em https:\/\/automattic.com\/privacy\/. As disposi\u00e7\u00f5es aplic\u00e1veis de prote\u00e7\u00e3o de dados da Quantcast podem ser acessadas em https:\/\/www.quantcast.com\/privacy\/.<\/p>\n\n\n\n<p>19. Provis\u00f5es de prote\u00e7\u00e3o de dados sobre a aplica\u00e7\u00e3o e uso do LinkedIn<\/p>\n\n\n\n<p>O controlador integrou componentes da LinkedIn Corporation neste site. O LinkedIn \u00e9 uma rede social baseada na web que permite que usu\u00e1rios com contatos comerciais existentes se conectem e fa\u00e7am novos contatos comerciais. Mais de 400 milh\u00f5es de pessoas registradas em mais de 200 pa\u00edses usam o LinkedIn. Assim, o LinkedIn \u00e9 atualmente a maior plataforma de contatos de neg\u00f3cios e um dos sites mais visitados do mundo.<\/p>\n\n\n\n<p>A empresa operadora do LinkedIn \u00e9 a LinkedIn Corporation, 2029 Stierlin Court Mountain View, CA 94043, ESTADOS UNIDOS. Para assuntos de privacidade fora dos ESTADOS UNIDOS LinkedIn Ireland, Quest\u00f5es de Pol\u00edtica de Privacidade, Wilton Plaza, Wilton Place, Dublin 2, Irlanda, \u00e9 respons\u00e1vel.<\/p>\n\n\n\n<p>A cada chamada feita para uma das p\u00e1ginas individuais deste site da Internet, que \u00e9 operado pelo controlador e no qual um componente do LinkedIn (plug-in do LinkedIn) foi integrado, o navegador da Internet no sistema de tecnologia da informa\u00e7\u00e3o da pessoa em quest\u00e3o \u00e9 automaticamente solicitado para o download de uma exibi\u00e7\u00e3o do componente do LinkedIn correspondente do LinkedIn. Mais informa\u00e7\u00f5es sobre o plug-in do LinkedIn podem ser acessadas em https:\/\/developer.linkedin.com\/plugins. Durante o curso deste procedimento t\u00e9cnico, o LinkedIn ganha conhecimento de qual subp\u00e1gina espec\u00edfica de nosso site foi visitada pela pessoa em causa.<\/p>\n\n\n\n<p>Se o assunto dos dados estiver conectado ao mesmo tempo no LinkedIn, o LinkedIn detectar\u00e1 todas as chamadas para o nosso site pelo sujeito dos dados e por toda a dura\u00e7\u00e3o de sua estadia em nosso site na Internet, que subp\u00e1gina espec\u00edfica de nossa Internet. p\u00e1gina foi visitada pela pessoa em causa. Essas informa\u00e7\u00f5es s\u00e3o coletadas atrav\u00e9s do componente do LinkedIn e associadas \u00e0 respectiva conta do LinkedIn do titular dos dados. Se o titular de dados clicar em um dos bot\u00f5es do LinkedIn integrados em nosso site, o LinkedIn atribuir\u00e1 essas informa\u00e7\u00f5es \u00e0 conta de usu\u00e1rio pessoal do LinkedIn do titular dos dados e armazenar\u00e1 os dados pessoais.<\/p>\n\n\n\n<p>O LinkedIn recebe informa\u00e7\u00f5es atrav\u00e9s do componente do LinkedIn que o titular dos dados visitou em nosso site, desde que o usu\u00e1rio dos dados esteja logado no LinkedIn no momento da chamada para o nosso site. Isso ocorre independentemente de a pessoa clicar no bot\u00e3o do LinkedIn ou n\u00e3o. Se tal transmiss\u00e3o de informa\u00e7\u00f5es para o LinkedIn n\u00e3o for desej\u00e1vel para o titular dos dados, ele ou ela poder\u00e1 evitar isso efetuando o logoff de sua conta do LinkedIn antes que uma chamada para o nosso site seja feita.<\/p>\n\n\n\n<p>O LinkedIn fornece em https:\/\/www.linkedin.com\/psettings\/guest-controls a possibilidade de cancelar a assinatura de mensagens de e-mail, mensagens SMS e an\u00fancios segmentados, bem como a capacidade de gerenciar as configura\u00e7\u00f5es de an\u00fancios. O LinkedIn tamb\u00e9m usa afiliados como o Eire, o Google Analytics, o BlueKai, o DoubleClick, o Nielsen, o Comscore, o Eloqua e o Lotame. A configura\u00e7\u00e3o desses cookies pode ser negada em https:\/\/www.linkedin.com\/legal\/cookie-policy. A pol\u00edtica de privacidade aplic\u00e1vel ao LinkedIn est\u00e1 dispon\u00edvel em https:\/\/www.linkedin.com\/legal\/privacy-policy. A Pol\u00edtica de Cookies do LinkedIn est\u00e1 dispon\u00edvel em https:\/\/www.linkedin.com\/legal\/cookie-policy.<\/p>\n\n\n\n<p>20. Disposi\u00e7\u00f5es de prote\u00e7\u00e3o de dados sobre a aplica\u00e7\u00e3o e uso do Pinterest<\/p>\n\n\n\n<p>Neste site, o controlador integrou os componentes do Pinterest Inc. O Pinterest \u00e9 uma rede social. Uma rede social \u00e9 um ponto de encontro social da Internet, uma comunidade on-line que permite aos usu\u00e1rios se comunicar e interagir uns com os outros em um espa\u00e7o virtual. Uma rede social pode servir como uma plataforma para a troca de opini\u00f5es e experi\u00eancias, ou permitir que a comunidade da Internet forne\u00e7a informa\u00e7\u00f5es pessoais ou relacionadas \u00e0 empresa. O Pinterest permite que os usu\u00e1rios da rede social publiquem, inter alia, cole\u00e7\u00f5es de imagens e imagens individuais, bem como descri\u00e7\u00f5es em pinboards virtuais (chamados de pinos), que podem ser compartilhados por outros usu\u00e1rios (chamados de re-pins) ou comentou.<\/p>\n\n\n\n<p>A empresa operadora do Pinterest \u00e9 o Pinterest Inc., 808 Brannan Street, S\u00e3o Francisco, CA 94103, ESTADOS UNIDOS.<\/p>\n\n\n\n<p>Com cada convoca\u00e7\u00e3o para uma das p\u00e1ginas individuais deste site da Internet, que \u00e9 operado pelo controlador e no qual um componente do Pinterest (plug-in do Pinterest) foi integrado, o navegador da Internet no sistema de tecnologia da informa\u00e7\u00e3o do assunto dos dados \u00e9 automaticamente solicitado a fazer o download atrav\u00e9s do respectivo componente Pinterest uma exibi\u00e7\u00e3o do componente Pinterest correspondente. Mais informa\u00e7\u00f5es sobre o Pinterest est\u00e3o dispon\u00edveis em https:\/\/pinterest.com\/. Durante o curso deste procedimento t\u00e9cnico, o Pinterest ganha conhecimento de qual subp\u00e1gina espec\u00edfica do nosso site \u00e9 visitada pelo titular dos dados.<\/p>\n\n\n\n<p>Se o assunto dos dados estiver logado ao mesmo tempo no Pinterest, o Pinterest detectar\u00e1 todas as chamadas para o nosso site pelo sujeito dos dados \u2013 e por toda a dura\u00e7\u00e3o de sua estadia em nosso site na Internet \u2013 que subp\u00e1gina espec\u00edfica de nossa Internet p\u00e1gina foi visitada pela pessoa em causa. Esta informa\u00e7\u00e3o \u00e9 recolhida atrav\u00e9s do componente Pinterest e associada ao respectivo Pinterestconta do titular dos dados. Se o titular de dados clicar em um dos bot\u00f5es do Pinterest, integrados em nosso site, o Pinterest atribuir\u00e1 essas informa\u00e7\u00f5es \u00e0 conta pessoal do usu\u00e1rio do sujeito de dados e armazenar\u00e1 os dados pessoais.Pinterest recebe informa\u00e7\u00f5es atrav\u00e9s do componente Pinterest que o participante dos dados possui visitou o nosso site, desde que o sujeito de dados est\u00e1 logado no Pinterest no momento da chamada para o nosso site. Isso ocorre independentemente de a pessoa clicar no componente do Pinterest ou n\u00e3o. Se tal transmiss\u00e3o de informa\u00e7\u00f5es para o Pinterest n\u00e3o for desej\u00e1vel para o titular dos dados, ele ou ela poder\u00e1 impedir isso efetuando logout de sua conta no Pinterest antes que uma chamada para o nosso site seja feita.A diretriz de prote\u00e7\u00e3o de dados publicada pelo Pinterest, que est\u00e1 dispon\u00edvel em https:\/\/about.pinterest.com\/privacy-policy, fornece informa\u00e7\u00f5es sobre a coleta, processamento e uso de dados pessoais pelo Pinterest.21. Provis\u00f5es de prote\u00e7\u00e3o de dados sobre a aplica\u00e7\u00e3o e uso do Twitter<\/p>\n\n\n\n<p>Neste site, o controlador integrou componentes do Twitter. O Twitter \u00e9 um servi\u00e7o de microblog multil\u00edngue, publicamente acess\u00edvel, no qual os usu\u00e1rios podem publicar e divulgar os chamados &#8220;tweets&#8221;, por exemplo, mensagens curtas, limitadas a 280 caracteres. Essas mensagens curtas est\u00e3o dispon\u00edveis para todos, incluindo aquelas que n\u00e3o est\u00e3o conectadas ao Twitter. Os tweets tamb\u00e9m s\u00e3o exibidos para os chamados seguidores do respectivo usu\u00e1rio. Seguidores s\u00e3o outros usu\u00e1rios do Twitter que seguem os tweets de um usu\u00e1rio. Al\u00e9m disso, o Twitter permite-lhe dirigir-se a um vasto p\u00fablico atrav\u00e9s de hashtags, links ou retweets.A empresa operadora do Twitter \u00e9 a Twitter, Inc., 1355 Market Street, Suite 900, S\u00e3o Francisco, CA 94103, ESTADOS UNIDOS.A cada chamada uma das p\u00e1ginas individuais deste site da Internet, que \u00e9 operado pelo controlador e no qual um componente do Twitter (bot\u00e3o do Twitter) foi integrado, o navegador da Internet no sistema de tecnologia da informa\u00e7\u00e3o do indiv\u00edduo de dados \u00e9 automaticamente solicitado a baixar uma exibi\u00e7\u00e3o do componente Twitter correspondente do Twitter. Mais informa\u00e7\u00f5es sobre os bot\u00f5es do Twitter est\u00e3o dispon\u00edveis em https:\/\/about.twitter.com\/de\/resources\/buttons. Durante o curso deste procedimento t\u00e9cnico, o Twitter obt\u00e9m conhecimento de qual subp\u00e1gina espec\u00edfica de nosso site foi visitada pela pessoa em causa. O objetivo da integra\u00e7\u00e3o do componente Twitter \u00e9 uma retransmiss\u00e3o do conte\u00fado deste site para permitir aos nossos usu\u00e1rios introduzir esta p\u00e1gina da web para o mundo digital e aumentar o n\u00famero de visitantes.Se o assunto dos dados estiver logado ao mesmo tempo no Twitter , O Twitter detecta a cada chamada para o nosso site pela pessoa em causa e para toda a dura\u00e7\u00e3o da sua estadia no nosso site da Internet, a qual a subp\u00e1gina espec\u00edfica da nossa p\u00e1gina da Internet foi visitada pela pessoa em causa. Essas informa\u00e7\u00f5es s\u00e3o coletadas atrav\u00e9s do componente Twitter e associadas \u00e0 respectiva conta do Twitter do titular dos dados. Se o titular de dados clicar em um dos bot\u00f5es do Twitter integrados em nosso site, o Twitter atribuir\u00e1 essas informa\u00e7\u00f5es \u00e0 conta pessoal do usu\u00e1rio do Twitter e armazenar\u00e1 os dados pessoais. O Twitter recebe informa\u00e7\u00f5es por meio do componente Twitter que o participante visitou. nosso site, desde que o titular de dados esteja logado no Twitter no momento da chamada para o nosso site. Isso ocorre independentemente de a pessoa clicar no componente do Twitter ou n\u00e3o. Se tal transmiss\u00e3o de informa\u00e7\u00f5es para o Twitter n\u00e3o for desej\u00e1vel para o titular dos dados, ele ou ela poder\u00e1 impedir isso efetuando o logoff de sua conta do Twitter antes que uma chamada ao nosso site seja feita. acessado em https:\/\/twitter.com\/privacy?lang=pt.22.<\/p>\n\n\n\n<p>Provis\u00f5es de prote\u00e7\u00e3o de dados sobre a aplica\u00e7\u00e3o e uso do YouTube<\/p>\n\n\n\n<p>Neste site, o controlador integrou componentes do YouTube. O YouTube \u00e9 um portal de v\u00eddeos da Internet que permite que editores de v\u00eddeo configurem clipes de v\u00eddeo e outros usu\u00e1rios gratuitamente, o que tamb\u00e9m oferece visualiza\u00e7\u00e3o gratuita, revis\u00e3o e coment\u00e1rios sobre eles. O YouTube permite que voc\u00ea publique todos os tipos de v\u00eddeos, para que voc\u00ea possa acessar filmes e transmiss\u00f5es de TV completos, bem como v\u00eddeos de m\u00fasica, trailers e v\u00eddeos feitos por usu\u00e1rios pelo portal da Internet.A empresa operacional do YouTube \u00e9 YouTube, LLC, 901 Avenida da cereja., San Bruno, CA 94066, ESTADOS UNIDOS. O YouTube, LLC \u00e9 uma subsidi\u00e1ria da Google Inc., 1600 Amphitheatre Pkwy, Mountain View, CA 94043-1351, ESTADOS UNIDOS. Com cada chamada para uma das p\u00e1ginas individuais deste site da Internet, que \u00e9 operado pelo controlador e em que um componente do YouTube (v\u00eddeo do YouTube) foi integrado, o navegador da Internet no sistema de tecnologia da informa\u00e7\u00e3o do assunto dos dados \u00e9 automaticamente solicitado a baixar uma exibi\u00e7\u00e3o do componente correspondente do YouTube. Mais informa\u00e7\u00f5es sobre o YouTube podem ser obtidas em https:\/\/www.youtube.com\/yt\/about\/en\/. Durante o curso deste procedimento t\u00e9cnico, o YouTube e o Google ganham conhecimento Al\u00e9m de qual subp\u00e1gina espec\u00edfica de nosso site foi visitada pelo sujeito de dados.<\/p>\n\n\n\n<p>Se o assunto dos dados estiver conectado no YouTube, o YouTube reconhece, a cada chamada, uma subp\u00e1gina que cont\u00e9m um v\u00eddeo do YouTube, que subp\u00e1gina espec\u00edfica do nosso site da Internet foi visitado pelo sujeito dos dados. Essas informa\u00e7\u00f5es s\u00e3o coletadas pelo YouTube e pelo Google e atribu\u00eddas \u00e0 respectiva conta do YouTube do titular dos dados. O YouTube e o Google receber\u00e3o informa\u00e7\u00f5es por meio do componente do YouTube que o titular dos dados visitou em nosso site, se o assunto dos dados no momento da chamada nosso site est\u00e1 logado no YouTube; isso ocorre independentemente de a pessoa clicar em um v\u00eddeo do YouTube ou n\u00e3o. Se essa transmiss\u00e3o dessas informa\u00e7\u00f5es para o YouTube e o Google n\u00e3o for desej\u00e1vel para o assunto dos dados, a entrega poder\u00e1 ser impedida se o sujeito de dados fizer logoff de sua pr\u00f3pria conta do YouTube antes que uma chamada seja feita para nosso site. , dispon\u00edvel em https:\/\/www.google.com\/intl\/pt-BR\/policies\/privacy\/ , forne\u00e7a informa\u00e7\u00f5es sobre a coleta, o processamento e o uso de dados pessoais pelo YouTube e pelo Google.23. Base jur\u00eddica para o processamentoArt. 6 (1) lit. um GDPR serve como base legal para opera\u00e7\u00f5es de processamento para as quais obtemos consentimento para um prop\u00f3sito de processamento espec\u00edfico. Se o processamento de dados pessoais for necess\u00e1rio para a execu\u00e7\u00e3o de um contrato do qual o titular dos dados \u00e9 parte, como \u00e9 o caso, por exemplo, quando as opera\u00e7\u00f5es de processamento s\u00e3o necess\u00e1rias para o fornecimento de bens ou para fornecer qualquer outro servi\u00e7o, o processamento \u00e9 com base no artigo 6.\u00ba, n.\u00ba 1, b GDPR. O mesmo se aplica a tais opera\u00e7\u00f5es de processamento que s\u00e3o necess\u00e1rias para a execu\u00e7\u00e3o de medidas pr\u00e9-contratuais, por exemplo, no caso de consultas relativas aos nossos produtos ou servi\u00e7os. \u00c9 a nossa empresa sujeita a uma obriga\u00e7\u00e3o legal pelo qual o processamento de dados pessoais \u00e9 necess\u00e1ria, como para o cumprimento das obriga\u00e7\u00f5es fiscais, o processamento \u00e9 baseado no art. 6 (1) lit. c GDPR. Em casos raros, o tratamento de dados pessoais pode ser necess\u00e1rio para proteger os interesses vitais do titular dos dados ou de outra pessoa singular. Este seria o caso, por exemplo, se um visitante fosse ferido em nossa empresa e seu nome, idade, dados de seguro de sa\u00fade ou outras informa\u00e7\u00f5es vitais tivessem que ser repassados para um m\u00e9dico, hospital ou outro terceiro. Ent\u00e3o o processamento seria baseado no art. 6 (1) lit. d GDPR. Por fim, as opera\u00e7\u00f5es de tratamento poderiam basear-se no artigo 6.\u00ba, n.\u00ba 1, lit. f GDPR. Esta base jur\u00eddica \u00e9 utilizada para opera\u00e7\u00f5es de tratamento n\u00e3o abrangidas por qualquer dos fundamentos jur\u00eddicos acima referidos, se o tratamento for necess\u00e1rio para os fins leg\u00edtimos prosseguidos pela nossa empresa ou por um terceiro, salvo se tais interesses forem anulados pelos interesses ou direitos e liberdades fundamentais da pessoa em causa que requerem protec\u00e7\u00e3o de dados pessoais. Tais opera\u00e7\u00f5es de tratamento s\u00e3o particularmente admiss\u00edveis porque foram especificamente mencionadas pelo legislador europeu. Considerou que poderia ser assumido um interesse leg\u00edtimo se o titular dos dados for um cliente do respons\u00e1vel pelo tratamento (considerando 47, frase 2, GDPR) .<\/p>\n\n\n\n<p>Os interesses leg\u00edtimos prosseguidos pelo respons\u00e1vel pelo tratamento ou por terceiros<\/p>\n\n\n\n<p>Quando o tratamento de dados pessoais se baseia no artigo 6.\u00ba, n.\u00ba 1, lit. fGDPR nosso interesse leg\u00edtimo \u00e9 realizar nossos neg\u00f3cios em favor do bem-estar de todos os nossos funcion\u00e1rios e acionistas.<\/p>\n\n\n\n<p>Per\u00edodo para o qual os dados pessoais ser\u00e3o armazenados<\/p>\n\n\n\n<p>O crit\u00e9rio utilizado para determinar o per\u00edodo de armazenamento dos dados pessoais \u00e9 o respectivo per\u00edodo de reten\u00e7\u00e3o legal. Ap\u00f3s o t\u00e9rmino desse per\u00edodo, os dados correspondentes s\u00e3o rotineiramente exclu\u00eddos, desde que n\u00e3o sejam mais necess\u00e1rios para o cumprimento do contrato ou para o in\u00edcio de um contrato.<\/p>\n\n\n\n<p>Fornecimento de dados pessoais como requisito legal ou contratual;<\/p>\n\n\n\n<p>Requisito necess\u00e1rio para celebrar um contrato;<\/p>\n\n\n\n<p>Obriga\u00e7\u00e3o do titular dos dados de fornecer os dados pessoais;<\/p>\n\n\n\n<p>poss\u00edveis consequ\u00eancias do n\u00e3o fornecimento desses dados Esclarecemos que o fornecimento de dados pessoais \u00e9 parcialmente exigido por lei (por exemplo, regulamentos fiscais) ou pode tamb\u00e9m resultar de cl\u00e1usulas contratuais (por exemplo, informa\u00e7\u00f5es sobre o parceiro contratual). \u00c0s vezes pode ser necess\u00e1rio concluir um contrato que o titular dos dados nos forne\u00e7a dados pessoais, que devem ser posteriormente processados por n\u00f3s. O titular dos dados \u00e9, por exemplo, obrigado a nos fornecer dados pessoais quando a nossa empresa assina um contrato com ele. A n\u00e3o disponibiliza\u00e7\u00e3o dos dados pessoais teria como consequ\u00eancia que o contrato com o titular dos dados n\u00e3o pudesse ser conclu\u00eddo. Antes de os dados pessoais serem fornecidos pelo titular dos dados, o titular dos dados deve entrar em contato com qualquer funcion\u00e1rio. O funcion\u00e1rio esclarece ao titular dos dados se a presta\u00e7\u00e3o dos dados pessoais \u00e9 exigida por lei ou contrato ou se \u00e9 necess\u00e1ria para a conclus\u00e3o do contrato, se existe uma obriga\u00e7\u00e3o de fornecer os dados pessoais e as consequ\u00eancias da n\u00e3o presta\u00e7\u00e3o de dados pessoais.<br><\/p>\n\n\n\n<figure class=\"wp-block-table\"><table><tbody><tr><td><br><br>Gerado por: <a href=\"https:\/\/code-spider.us18.list-manage.com\/track\/click?u=814a19bec5d1041564c50353c&amp;id=7ee6b07cc4&amp;e=f22e0719db\">CodeSpider<\/a>&nbsp;<br><\/td><\/tr><tr><td><br><br><em>Copyright \u00a9 2019 CodeSpider, All rights reserved.<\/em>&nbsp;Lista de GDPR&nbsp;&nbsp;<br><\/td><\/tr><\/tbody><\/table><\/figure>\n","protected":false},"excerpt":{"rendered":"<p>Estamos muito satisfeitos por ter demonstrado interesse na nossa empresa. A prote\u00e7\u00e3o de dados \u00e9 uma prioridade particularmente alta para gest\u00e3o da Z Vegan Hair Concept. O uso das p\u00e1ginas da Z Vegan Hair Concept \u00e9 poss\u00edvel sem qualquer indica\u00e7\u00e3o de dados pessoais; no entanto, se um titular de dados quiser usar servi\u00e7os empresariais especiais [&hellip;]<\/p>\n","protected":false},"author":1,"featured_media":0,"parent":0,"menu_order":0,"comment_status":"closed","ping_status":"closed","template":"","meta":{"footnotes":""},"class_list":["post-1381","page","type-page","status-publish","hentry"],"yoast_head":"<!-- This site is optimized with the Yoast SEO plugin v27.4 - https:\/\/yoast.com\/product\/yoast-seo-wordpress\/ -->\n<title>Termos de Uso e Pol\u00edtica de privacidade | Z Vegan Hair Concept<\/title>\n<meta name=\"description\" content=\"Z Vegan Hair Concept by Jo\u00e3o &amp; Brito. Cabeleireiro com conceito Vegan. Cruelty free, eco-friendly, com produtos livres de sulfatos, parabenos, amon\u00edaco, folmalde\u00eddo, PPD&#039;s, niquel, resorcina.\" \/>\n<meta name=\"robots\" content=\"index, follow, max-snippet:-1, max-image-preview:large, max-video-preview:-1\" \/>\n<link rel=\"canonical\" href=\"https:\/\/zveganhair.com\/pt\/termos-de-uso-de-privacidade\" \/>\n<meta property=\"og:locale\" content=\"pt_PT\" \/>\n<meta property=\"og:type\" content=\"article\" \/>\n<meta property=\"og:title\" content=\"Termos de Uso e Pol\u00edtica de privacidade | Z Vegan Hair Concept\" \/>\n<meta property=\"og:description\" content=\"Z Vegan Hair Concept by Jo\u00e3o &amp; Brito. Cabeleireiro com conceito Vegan. Cruelty free, eco-friendly, com produtos livres de sulfatos, parabenos, amon\u00edaco, folmalde\u00eddo, PPD&#039;s, niquel, resorcina.\" \/>\n<meta property=\"og:url\" content=\"https:\/\/zveganhair.com\/pt\/termos-de-uso-de-privacidade\" \/>\n<meta property=\"og:site_name\" content=\"Z Vegan Hair Concept\" \/>\n<meta property=\"article:publisher\" content=\"https:\/\/www.facebook.com\/zveganhairconceptjoaoebrito\" \/>\n<meta property=\"article:modified_time\" content=\"2020-11-25T14:14:56+00:00\" \/>\n<meta property=\"og:image\" content=\"https:\/\/zveganhair.com\/wp-content\/uploads\/2019\/07\/z-vegan-hair-brito-1.jpg\" \/>\n\t<meta property=\"og:image:width\" content=\"2015\" \/>\n\t<meta property=\"og:image:height\" content=\"1080\" \/>\n\t<meta property=\"og:image:type\" content=\"image\/jpeg\" \/>\n<meta name=\"twitter:card\" content=\"summary_large_image\" \/>\n<meta name=\"twitter:label1\" content=\"Tempo estimado de leitura\" \/>\n\t<meta name=\"twitter:data1\" content=\"62 minutos\" \/>\n<script type=\"application\/ld+json\" class=\"yoast-schema-graph\">{\"@context\":\"https:\\\/\\\/schema.org\",\"@graph\":[{\"@type\":\"WebPage\",\"@id\":\"https:\\\/\\\/zveganhair.com\\\/pt\\\/termos-de-uso-de-privacidade\",\"url\":\"https:\\\/\\\/zveganhair.com\\\/pt\\\/termos-de-uso-de-privacidade\",\"name\":\"Termos de Uso e Pol\u00edtica de privacidade | Z Vegan Hair Concept\",\"isPartOf\":{\"@id\":\"https:\\\/\\\/zveganhair.com\\\/pt\\\/#website\"},\"datePublished\":\"2019-07-17T16:53:49+00:00\",\"dateModified\":\"2020-11-25T14:14:56+00:00\",\"description\":\"Z Vegan Hair Concept by Jo\u00e3o & Brito. Cabeleireiro com conceito Vegan. Cruelty free, eco-friendly, com produtos livres de sulfatos, parabenos, amon\u00edaco, folmalde\u00eddo, PPD's, niquel, resorcina.\",\"breadcrumb\":{\"@id\":\"https:\\\/\\\/zveganhair.com\\\/pt\\\/termos-de-uso-de-privacidade#breadcrumb\"},\"inLanguage\":\"pt-PT\",\"potentialAction\":[{\"@type\":\"ReadAction\",\"target\":[\"https:\\\/\\\/zveganhair.com\\\/pt\\\/termos-de-uso-de-privacidade\"]}]},{\"@type\":\"BreadcrumbList\",\"@id\":\"https:\\\/\\\/zveganhair.com\\\/pt\\\/termos-de-uso-de-privacidade#breadcrumb\",\"itemListElement\":[{\"@type\":\"ListItem\",\"position\":1,\"name\":\"In\u00edcio\",\"item\":\"https:\\\/\\\/zveganhair.com\\\/\"},{\"@type\":\"ListItem\",\"position\":2,\"name\":\"Termos de Uso e Pol\u00edtica de privacidade\"}]},{\"@type\":\"WebSite\",\"@id\":\"https:\\\/\\\/zveganhair.com\\\/pt\\\/#website\",\"url\":\"https:\\\/\\\/zveganhair.com\\\/pt\\\/\",\"name\":\"Z Vegan Hair Concept\",\"description\":\"Sal\u00e3o de cabeleireiros vegan em Lisboa - Portugal. Conceito: org\u00e2nico, cruelty free, paraben free e sulfate free.\",\"publisher\":{\"@id\":\"https:\\\/\\\/zveganhair.com\\\/pt\\\/#organization\"},\"potentialAction\":[{\"@type\":\"SearchAction\",\"target\":{\"@type\":\"EntryPoint\",\"urlTemplate\":\"https:\\\/\\\/zveganhair.com\\\/pt\\\/?s={search_term_string}\"},\"query-input\":{\"@type\":\"PropertyValueSpecification\",\"valueRequired\":true,\"valueName\":\"search_term_string\"}}],\"inLanguage\":\"pt-PT\"},{\"@type\":\"Organization\",\"@id\":\"https:\\\/\\\/zveganhair.com\\\/pt\\\/#organization\",\"name\":\"Z Vegan Hair Concept by Jo\u00e3o & Brito\",\"url\":\"https:\\\/\\\/zveganhair.com\\\/pt\\\/\",\"logo\":{\"@type\":\"ImageObject\",\"inLanguage\":\"pt-PT\",\"@id\":\"https:\\\/\\\/zveganhair.com\\\/pt\\\/#\\\/schema\\\/logo\\\/image\\\/\",\"url\":\"https:\\\/\\\/zveganhair.com\\\/wp-content\\\/uploads\\\/2019\\\/07\\\/z-vegan-hair-concept.png\",\"contentUrl\":\"https:\\\/\\\/zveganhair.com\\\/wp-content\\\/uploads\\\/2019\\\/07\\\/z-vegan-hair-concept.png\",\"width\":289,\"height\":404,\"caption\":\"Z Vegan Hair Concept by Jo\u00e3o & Brito\"},\"image\":{\"@id\":\"https:\\\/\\\/zveganhair.com\\\/pt\\\/#\\\/schema\\\/logo\\\/image\\\/\"},\"sameAs\":[\"https:\\\/\\\/www.facebook.com\\\/zveganhairconceptjoaoebrito\",\"https:\\\/\\\/www.instagram.com\\\/z_vegan_hair_concept\\\/?hl=pt\",\"https:\\\/\\\/www.youtube.com\\\/channel\\\/UCGuzPq2pjV6tuhHKMUGdhZg\"]}]}<\/script>\n<!-- \/ Yoast SEO plugin. -->","yoast_head_json":{"title":"Termos de Uso e Pol\u00edtica de privacidade | Z Vegan Hair Concept","description":"Z Vegan Hair Concept by Jo\u00e3o & Brito. Cabeleireiro com conceito Vegan. Cruelty free, eco-friendly, com produtos livres de sulfatos, parabenos, amon\u00edaco, folmalde\u00eddo, PPD's, niquel, resorcina.","robots":{"index":"index","follow":"follow","max-snippet":"max-snippet:-1","max-image-preview":"max-image-preview:large","max-video-preview":"max-video-preview:-1"},"canonical":"https:\/\/zveganhair.com\/pt\/termos-de-uso-de-privacidade","og_locale":"pt_PT","og_type":"article","og_title":"Termos de Uso e Pol\u00edtica de privacidade | Z Vegan Hair Concept","og_description":"Z Vegan Hair Concept by Jo\u00e3o & Brito. Cabeleireiro com conceito Vegan. Cruelty free, eco-friendly, com produtos livres de sulfatos, parabenos, amon\u00edaco, folmalde\u00eddo, PPD's, niquel, resorcina.","og_url":"https:\/\/zveganhair.com\/pt\/termos-de-uso-de-privacidade","og_site_name":"Z Vegan Hair Concept","article_publisher":"https:\/\/www.facebook.com\/zveganhairconceptjoaoebrito","article_modified_time":"2020-11-25T14:14:56+00:00","og_image":[{"width":2015,"height":1080,"url":"https:\/\/zveganhair.com\/wp-content\/uploads\/2019\/07\/z-vegan-hair-brito-1.jpg","type":"image\/jpeg"}],"twitter_card":"summary_large_image","twitter_misc":{"Tempo estimado de leitura":"62 minutos"},"schema":{"@context":"https:\/\/schema.org","@graph":[{"@type":"WebPage","@id":"https:\/\/zveganhair.com\/pt\/termos-de-uso-de-privacidade","url":"https:\/\/zveganhair.com\/pt\/termos-de-uso-de-privacidade","name":"Termos de Uso e Pol\u00edtica de privacidade | Z Vegan Hair Concept","isPartOf":{"@id":"https:\/\/zveganhair.com\/pt\/#website"},"datePublished":"2019-07-17T16:53:49+00:00","dateModified":"2020-11-25T14:14:56+00:00","description":"Z Vegan Hair Concept by Jo\u00e3o & Brito. Cabeleireiro com conceito Vegan. Cruelty free, eco-friendly, com produtos livres de sulfatos, parabenos, amon\u00edaco, folmalde\u00eddo, PPD's, niquel, resorcina.","breadcrumb":{"@id":"https:\/\/zveganhair.com\/pt\/termos-de-uso-de-privacidade#breadcrumb"},"inLanguage":"pt-PT","potentialAction":[{"@type":"ReadAction","target":["https:\/\/zveganhair.com\/pt\/termos-de-uso-de-privacidade"]}]},{"@type":"BreadcrumbList","@id":"https:\/\/zveganhair.com\/pt\/termos-de-uso-de-privacidade#breadcrumb","itemListElement":[{"@type":"ListItem","position":1,"name":"In\u00edcio","item":"https:\/\/zveganhair.com\/"},{"@type":"ListItem","position":2,"name":"Termos de Uso e Pol\u00edtica de privacidade"}]},{"@type":"WebSite","@id":"https:\/\/zveganhair.com\/pt\/#website","url":"https:\/\/zveganhair.com\/pt\/","name":"Z Vegan Hair Concept","description":"Sal\u00e3o de cabeleireiros vegan em Lisboa - Portugal. Conceito: org\u00e2nico, cruelty free, paraben free e sulfate free.","publisher":{"@id":"https:\/\/zveganhair.com\/pt\/#organization"},"potentialAction":[{"@type":"SearchAction","target":{"@type":"EntryPoint","urlTemplate":"https:\/\/zveganhair.com\/pt\/?s={search_term_string}"},"query-input":{"@type":"PropertyValueSpecification","valueRequired":true,"valueName":"search_term_string"}}],"inLanguage":"pt-PT"},{"@type":"Organization","@id":"https:\/\/zveganhair.com\/pt\/#organization","name":"Z Vegan Hair Concept by Jo\u00e3o & Brito","url":"https:\/\/zveganhair.com\/pt\/","logo":{"@type":"ImageObject","inLanguage":"pt-PT","@id":"https:\/\/zveganhair.com\/pt\/#\/schema\/logo\/image\/","url":"https:\/\/zveganhair.com\/wp-content\/uploads\/2019\/07\/z-vegan-hair-concept.png","contentUrl":"https:\/\/zveganhair.com\/wp-content\/uploads\/2019\/07\/z-vegan-hair-concept.png","width":289,"height":404,"caption":"Z Vegan Hair Concept by Jo\u00e3o & Brito"},"image":{"@id":"https:\/\/zveganhair.com\/pt\/#\/schema\/logo\/image\/"},"sameAs":["https:\/\/www.facebook.com\/zveganhairconceptjoaoebrito","https:\/\/www.instagram.com\/z_vegan_hair_concept\/?hl=pt","https:\/\/www.youtube.com\/channel\/UCGuzPq2pjV6tuhHKMUGdhZg"]}]}},"_links":{"self":[{"href":"https:\/\/zveganhair.com\/pt\/wp-json\/wp\/v2\/pages\/1381","targetHints":{"allow":["GET"]}}],"collection":[{"href":"https:\/\/zveganhair.com\/pt\/wp-json\/wp\/v2\/pages"}],"about":[{"href":"https:\/\/zveganhair.com\/pt\/wp-json\/wp\/v2\/types\/page"}],"author":[{"embeddable":true,"href":"https:\/\/zveganhair.com\/pt\/wp-json\/wp\/v2\/users\/1"}],"replies":[{"embeddable":true,"href":"https:\/\/zveganhair.com\/pt\/wp-json\/wp\/v2\/comments?post=1381"}],"version-history":[{"count":3,"href":"https:\/\/zveganhair.com\/pt\/wp-json\/wp\/v2\/pages\/1381\/revisions"}],"predecessor-version":[{"id":1917,"href":"https:\/\/zveganhair.com\/pt\/wp-json\/wp\/v2\/pages\/1381\/revisions\/1917"}],"wp:attachment":[{"href":"https:\/\/zveganhair.com\/pt\/wp-json\/wp\/v2\/media?parent=1381"}],"curies":[{"name":"wp","href":"https:\/\/api.w.org\/{rel}","templated":true}]}}